{"id":4145,"date":"2010-09-09T13:30:28","date_gmt":"2010-09-09T13:30:28","guid":{"rendered":"http:\/\/semndecarte.metarsis.ro\/?page_id=4145"},"modified":"2010-09-13T00:46:40","modified_gmt":"2010-09-13T00:46:40","slug":"car%c8%9bi","status":"publish","type":"page","link":"https:\/\/semndecarte.metarsis.ro\/?page_id=4145","title":{"rendered":"Raftul cu c\u0103r\u021bi"},"content":{"rendered":"<table style=\"width: 850px; height: 1392px;\" border=\"0\" cellspacing=\"10\" cellpadding=\"10\" align=\"left\">\n<tbody>\n<tr style=\"text-align: left;\">\n<td>\n<h2>Titluri recente.<\/h2>\n<p style=\"text-align: justify;\">Aceast\u0103 sec\u021biune vine \u00een \u00eent\u00e2mpinarea ta cu o selec\u021bie din titlurile recente aduse \u00een libr\u0103ria Semn de carte<span style=\"color: #ff0000;\">*<\/span>. Aceast\u0103 sec\u021biune nu este un magazin virtual (\u00eenc\u0103). Rolul ei este de informare.<\/p>\n<\/td>\n<td style=\"padding-left: 30px;\">\n<p><span style=\"color: #ff0000;\">\u00bb<\/span> <a href=\"#Art\u0103 Arhitectur\u0103 Design\">Art\u0103 Arhitectur\u0103\u00a0 Design<\/a> <br \/>\n <span style=\"color: #ff0000;\">\u00bb<\/span> <a href=\"#Atlase H\u0103r\u021bi Ghiduri de c\u0103l\u0103torie\">Atlase H\u0103r\u021bi Ghiduri de c\u0103l\u0103torie<\/a><span style=\"color: #ff0000;\"> <\/span><\/p>\n<p><span style=\"color: #ff0000;\">\u00bb<\/span> <a href=\"#Beletristic\u0103\">Beletristic\u0103<\/a><span style=\"color: #ff0000;\"> <\/span><\/p>\n<p><span style=\"color: #ff0000;\">\u00bb<\/span> <a href=\"#Carier\u0103\">Carier\u0103<\/a><\/p>\n<\/td>\n<td style=\"padding-left: 30px;\">\n<p><span style=\"color: #ff0000;\">\u00bb<\/span> <a href=\"#Carte \u00een limbi str\u0103ine\">Carte \u00een limbi str\u0103ine<\/a><\/p>\n<p><span style=\"color: #ff0000;\">\u00bb<\/span> <a href=\"#Carte pentru copii\">Carte pentru copii<\/a><\/p>\n<p><span style=\"color: #ff0000;\">\u00bb<\/span> <a href=\"#CD DVD\">CD DVD<\/a><\/p>\n<p><span style=\"color: #ff0000;\">\u00bb<\/span> <a href=\"#Dic\u021bionare Enciclopedii Ghiduri de conversa\u021bie\">Dic\u021bionare Enciclopedii Ghiduri de conversa\u021bie<\/a><\/p>\n<\/td>\n<td>\n<p style=\"padding-left: 30px;\"><span style=\"color: #ff0000;\">\u00bb<\/span> <a href=\"#Gastronomie\">Gastronomie<\/a><\/p>\n<p style=\"padding-left: 30px;\"><span style=\"color: #ff0000;\">\u00bb<\/span> <a href=\"#Istorie Religie\">Istorie Religie<\/a><\/p>\n<p style=\"padding-left: 30px;\"><span style=\"color: #ff0000;\">\u00bb<\/span> <a href=\"#Manuale Documenta\u021bii\">Manuale Documenta\u021bii<\/a><\/p>\n<p style=\"padding-left: 30px;\"><span style=\"color: #ff0000;\">\u00bb<\/span> <a href=\"#Poezie\">Poezie<\/a><\/p>\n<\/td>\n<td>\n<p style=\"padding-left: 30px;\"><span style=\"color: #ff0000;\"> <\/span><\/p>\n<p style=\"padding-left: 30px;\"><span style=\"color: #ff0000;\">\u00bb<\/span> <a href=\"#Psihologie Sociologie Filozofie\">Psihologie Sociologie\u00a0 Filozofie<\/a><\/p>\n<p style=\"padding-left: 30px;\"><span style=\"color: #ff0000;\">\u00bb<\/span> <a href=\"#Reviste\">Reviste<\/a><\/p>\n<p style=\"padding-left: 30px;\"><span style=\"color: #ff0000;\">\u00bb<\/span> <a href=\"#S\u0103n\u0103tate Nutri\u021bie Sport\">S\u0103n\u0103tate Nutri\u021bie Sport<\/a><\/p>\n<\/td>\n<\/tr>\n<tr>\n<td style=\"width: 170px;\" colspan=\"4\" align=\"center\" valign=\"top\">\n<p style=\"text-align: left;\"><span style=\"color: #ffffff;\">.<\/span><\/p>\n<h1 style=\"text-align: left;\">Art\u0103 Arhitectur\u0103 Design<\/h1>\n<\/td>\n<td style=\"width: 170px; text-align: right;\" valign=\"top\"><\/td>\n<\/tr>\n<tr>\n<td style=\"width: 170px;\" align=\"center\" valign=\"top\"><a href=\"http:\/\/semndecarte.metarsis.ro\/wp-content\/uploads\/2010\/09\/004.jpg\" rel=\"lightbox[4145]\"><img loading=\"lazy\" class=\"alignleft size-medium wp-image-4182\" title=\"Arta - De la Rena\u0219tere p\u00e2n\u0103 \u00een sec. XVII\" src=\"http:\/\/semndecarte.metarsis.ro\/wp-content\/uploads\/2010\/09\/004-160x128.jpg\" alt=\"\" width=\"160\" height=\"128\" srcset=\"https:\/\/semndecarte.metarsis.ro\/wp-content\/uploads\/2010\/09\/004-160x128.jpg 160w, https:\/\/semndecarte.metarsis.ro\/wp-content\/uploads\/2010\/09\/004-163x130.jpg 163w, https:\/\/semndecarte.metarsis.ro\/wp-content\/uploads\/2010\/09\/004.jpg 450w\" sizes=\"(max-width: 160px) 100vw, 160px\" \/><\/a><\/td>\n<td style=\"width: 170px;\" align=\"center\" valign=\"top\"><a href=\"http:\/\/semndecarte.metarsis.ro\/wp-content\/uploads\/2010\/09\/003.jpg\" rel=\"lightbox[4145]\"><img loading=\"lazy\" class=\"alignleft size-medium wp-image-4166\" title=\"Arhitectura\" src=\"http:\/\/semndecarte.metarsis.ro\/wp-content\/uploads\/2010\/09\/003-160x128.jpg\" alt=\"\" width=\"160\" height=\"128\" srcset=\"https:\/\/semndecarte.metarsis.ro\/wp-content\/uploads\/2010\/09\/003-160x128.jpg 160w, https:\/\/semndecarte.metarsis.ro\/wp-content\/uploads\/2010\/09\/003-163x130.jpg 163w, https:\/\/semndecarte.metarsis.ro\/wp-content\/uploads\/2010\/09\/003.jpg 450w\" sizes=\"(max-width: 160px) 100vw, 160px\" \/><\/a><\/td>\n<td style=\"width: 170px;\" align=\"center\" valign=\"top\"><a href=\"http:\/\/semndecarte.metarsis.ro\/wp-content\/uploads\/2010\/09\/001.jpg\" rel=\"lightbox[4145]\"><img loading=\"lazy\" class=\"alignleft size-medium wp-image-4188\" title=\"100 de transform\u0103ri rapide \u0219i de efect ale locuin\u021bei\" src=\"http:\/\/semndecarte.metarsis.ro\/wp-content\/uploads\/2010\/09\/001-160x128.jpg\" alt=\"\" width=\"160\" height=\"128\" srcset=\"https:\/\/semndecarte.metarsis.ro\/wp-content\/uploads\/2010\/09\/001-160x128.jpg 160w, https:\/\/semndecarte.metarsis.ro\/wp-content\/uploads\/2010\/09\/001-163x130.jpg 163w, https:\/\/semndecarte.metarsis.ro\/wp-content\/uploads\/2010\/09\/001.jpg 450w\" sizes=\"(max-width: 160px) 100vw, 160px\" \/><\/a><\/td>\n<td style=\"width: 170px;\" align=\"center\" valign=\"top\"><a href=\"http:\/\/semndecarte.metarsis.ro\/wp-content\/uploads\/2010\/09\/32.jpg\" rel=\"lightbox[4145]\"><img loading=\"lazy\" class=\"alignleft size-medium wp-image-4195\" title=\"70 de minuni arhitecturale ale lumii\" src=\"http:\/\/semndecarte.metarsis.ro\/wp-content\/uploads\/2010\/09\/32-160x128.jpg\" alt=\"\" width=\"160\" height=\"128\" srcset=\"https:\/\/semndecarte.metarsis.ro\/wp-content\/uploads\/2010\/09\/32-160x128.jpg 160w, https:\/\/semndecarte.metarsis.ro\/wp-content\/uploads\/2010\/09\/32-163x130.jpg 163w, https:\/\/semndecarte.metarsis.ro\/wp-content\/uploads\/2010\/09\/32.jpg 450w\" sizes=\"(max-width: 160px) 100vw, 160px\" \/><\/a><\/td>\n<td style=\"width: 170px;\" align=\"center\" valign=\"top\"><a href=\"http:\/\/semndecarte.metarsis.ro\/wp-content\/uploads\/2010\/09\/35.jpg\" rel=\"lightbox[4145]\"><img loading=\"lazy\" class=\"alignleft size-medium wp-image-4238\" title=\"Kharim Rashid - Design yourself\" src=\"http:\/\/semndecarte.metarsis.ro\/wp-content\/uploads\/2010\/09\/35-160x128.jpg\" alt=\"\" width=\"160\" height=\"128\" srcset=\"https:\/\/semndecarte.metarsis.ro\/wp-content\/uploads\/2010\/09\/35-160x128.jpg 160w, https:\/\/semndecarte.metarsis.ro\/wp-content\/uploads\/2010\/09\/35-163x130.jpg 163w, https:\/\/semndecarte.metarsis.ro\/wp-content\/uploads\/2010\/09\/35.jpg 450w\" sizes=\"(max-width: 160px) 100vw, 160px\" \/><\/a><\/td>\n<\/tr>\n<tr style=\"text-align: left;\">\n<td style=\"width: 170px; text-align: center;\" valign=\"top\"><span style=\"font-family: arial,helvetica,sans-serif;\">Arta &#8211; de la apogeul rena\u0219terii p\u00e2n\u0103 \u00een sec.XVIII<\/span><\/td>\n<td style=\"width: 170px; text-align: center;\" valign=\"top\"><span style=\"font-family: arial,helvetica,sans-serif;\">Arhitectura &#8211; evolu\u021bie, stiluri, personalit\u0103\u021bi &#8211; sec. XX<\/span><\/td>\n<td style=\"width: 170px;\" align=\"center\" valign=\"top\">100 de transform\u0103ri rapide \u0219i de efect ale locuin\u021bei<\/td>\n<td style=\"width: 170px;\" align=\"center\" valign=\"top\">70 de minuni arhitecturale ale lumii<\/td>\n<td style=\"width: 170px;\" align=\"center\" valign=\"top\">Kharim Rashid &#8211; Design yourself<\/td>\n<\/tr>\n<tr>\n<td style=\"width: 170px;\" colspan=\"4\" align=\"center\" valign=\"top\">\n<p style=\"text-align: left;\"><span style=\"color: #ffffff;\">.<\/span><\/p>\n<p><a name=\"Atlase H\u0103r\u021bi Ghiduri de c\u0103l\u0103torie\"><\/a><\/p>\n<h1 style=\"text-align: left;\">Atlase H\u0103r\u021bi Ghiduri de c\u0103l\u0103torie<\/h1>\n<\/td>\n<td style=\"width: 170px; text-align: right;\" valign=\"top\"><\/td>\n<\/tr>\n<tr>\n<td style=\"width: 170px;\" align=\"center\" valign=\"top\"><a href=\"http:\/\/semndecarte.metarsis.ro\/wp-content\/uploads\/2010\/09\/009.jpg\" rel=\"lightbox[4145]\"><img loading=\"lazy\" class=\"alignleft size-medium wp-image-4162\" title=\"Atlas Geografic - Regiunile Rom\u00e2niei\" src=\"http:\/\/semndecarte.metarsis.ro\/wp-content\/uploads\/2010\/09\/009-160x128.jpg\" alt=\"\" width=\"160\" height=\"128\" srcset=\"https:\/\/semndecarte.metarsis.ro\/wp-content\/uploads\/2010\/09\/009-160x128.jpg 160w, https:\/\/semndecarte.metarsis.ro\/wp-content\/uploads\/2010\/09\/009-163x130.jpg 163w, https:\/\/semndecarte.metarsis.ro\/wp-content\/uploads\/2010\/09\/009.jpg 460w\" sizes=\"(max-width: 160px) 100vw, 160px\" \/><\/a><\/td>\n<td style=\"width: 170px;\" align=\"center\" valign=\"top\"><a href=\"http:\/\/semndecarte.metarsis.ro\/wp-content\/uploads\/2010\/09\/008.jpg\" rel=\"lightbox[4145]\"><img loading=\"lazy\" class=\"alignleft size-medium wp-image-4164\" title=\"Romania Ghid\" src=\"http:\/\/semndecarte.metarsis.ro\/wp-content\/uploads\/2010\/09\/008-160x128.jpg\" alt=\"\" width=\"160\" height=\"128\" srcset=\"https:\/\/semndecarte.metarsis.ro\/wp-content\/uploads\/2010\/09\/008-160x128.jpg 160w, https:\/\/semndecarte.metarsis.ro\/wp-content\/uploads\/2010\/09\/008-163x130.jpg 163w, https:\/\/semndecarte.metarsis.ro\/wp-content\/uploads\/2010\/09\/008.jpg 450w\" sizes=\"(max-width: 160px) 100vw, 160px\" \/><\/a><\/td>\n<td style=\"width: 170px;\" align=\"center\" valign=\"top\"><a href=\"http:\/\/semndecarte.metarsis.ro\/wp-content\/uploads\/2010\/09\/005.jpg\" rel=\"lightbox[4145]\"><img loading=\"lazy\" class=\"alignleft size-medium wp-image-4192\" title=\"H\u0103r\u021bi turistice - diferite regiuni din Rom\u00e2nia\" src=\"http:\/\/semndecarte.metarsis.ro\/wp-content\/uploads\/2010\/09\/005-160x128.jpg\" alt=\"\" width=\"160\" height=\"128\" srcset=\"https:\/\/semndecarte.metarsis.ro\/wp-content\/uploads\/2010\/09\/005-160x128.jpg 160w, https:\/\/semndecarte.metarsis.ro\/wp-content\/uploads\/2010\/09\/005-163x130.jpg 163w, https:\/\/semndecarte.metarsis.ro\/wp-content\/uploads\/2010\/09\/005.jpg 450w\" sizes=\"(max-width: 160px) 100vw, 160px\" \/><\/a><\/td>\n<td style=\"width: 170px;\" align=\"center\" valign=\"top\"><a href=\"http:\/\/semndecarte.metarsis.ro\/wp-content\/uploads\/2010\/09\/006.jpg\" rel=\"lightbox[4145]\"><img loading=\"lazy\" class=\"alignleft size-medium wp-image-4165\" title=\"C\u0103r\u021bi po\u0219tale\" src=\"http:\/\/semndecarte.metarsis.ro\/wp-content\/uploads\/2010\/09\/006-160x128.jpg\" alt=\"\" width=\"160\" height=\"128\" srcset=\"https:\/\/semndecarte.metarsis.ro\/wp-content\/uploads\/2010\/09\/006-160x128.jpg 160w, https:\/\/semndecarte.metarsis.ro\/wp-content\/uploads\/2010\/09\/006-163x130.jpg 163w, https:\/\/semndecarte.metarsis.ro\/wp-content\/uploads\/2010\/09\/006.jpg 450w\" sizes=\"(max-width: 160px) 100vw, 160px\" \/><\/a><\/td>\n<td style=\"width: 170px;\" align=\"center\" valign=\"top\"><a href=\"http:\/\/semndecarte.metarsis.ro\/wp-content\/uploads\/2010\/09\/007.jpg\" rel=\"lightbox[4145]\"><img loading=\"lazy\" class=\"alignleft size-medium wp-image-4190\" title=\"Ghidul ora\u0219ului - Diferite ora\u0219e din lume\" src=\"http:\/\/semndecarte.metarsis.ro\/wp-content\/uploads\/2010\/09\/007-160x128.jpg\" alt=\"\" width=\"160\" height=\"128\" srcset=\"https:\/\/semndecarte.metarsis.ro\/wp-content\/uploads\/2010\/09\/007-160x128.jpg 160w, https:\/\/semndecarte.metarsis.ro\/wp-content\/uploads\/2010\/09\/007-163x130.jpg 163w, https:\/\/semndecarte.metarsis.ro\/wp-content\/uploads\/2010\/09\/007.jpg 450w\" sizes=\"(max-width: 160px) 100vw, 160px\" \/><\/a><\/td>\n<\/tr>\n<tr style=\"text-align: left;\">\n<td style=\"width: 170px; text-align: center;\" valign=\"top\"><span style=\"font-family: arial,helvetica,sans-serif;\">Atlas Geografic &#8211; Regiunile din Rom\u00e2nia<\/span><\/td>\n<td style=\"width: 170px; text-align: center;\" valign=\"top\"><span style=\"font-family: arial,helvetica,sans-serif;\">Ghid turistic complet &#8211; Rom\u00e2nia<\/span><\/td>\n<td style=\"width: 170px; text-align: center;\" valign=\"top\"><span style=\"font-family: arial,helvetica,sans-serif;\">H\u0103r\u021bi turistice &#8211; diferitele regiuni din Rom\u00e2nia<\/span><\/td>\n<td style=\"width: 170px; text-align: center;\" valign=\"top\"><span style=\"font-family: arial,helvetica,sans-serif;\">C\u0103r\u021bi po\u0219tale &#8211; Cara\u0219 Severin<\/span><\/td>\n<td style=\"width: 170px;\" align=\"center\" valign=\"top\">Ghidul ora\u0219ului &#8211; Diferite ora\u0219e din lume<\/td>\n<\/tr>\n<tr>\n<td style=\"width: 170px;\" colspan=\"4\" align=\"center\" valign=\"top\">\n<p style=\"text-align: left;\"><span style=\"color: #ffffff;\">.<\/span><\/p>\n<p><a name=\"Beletristic\u0103\"><\/a><\/p>\n<h1 style=\"text-align: left;\">Beletristic\u0103<\/h1>\n<\/td>\n<td style=\"width: 170px; text-align: right;\" valign=\"top\"><\/td>\n<\/tr>\n<tr>\n<td style=\"width: 170px;\" align=\"center\" valign=\"top\"><a href=\"http:\/\/semndecarte.metarsis.ro\/wp-content\/uploads\/2010\/09\/011.jpg\" rel=\"lightbox[4145]\"><img loading=\"lazy\" class=\"alignleft size-medium wp-image-4168\" title=\"Faiza Guene - Azi ca m\u00e2ine \u0219i poim\u00e2ine\" src=\"http:\/\/semndecarte.metarsis.ro\/wp-content\/uploads\/2010\/09\/011-160x128.jpg\" alt=\"\" width=\"160\" height=\"128\" srcset=\"https:\/\/semndecarte.metarsis.ro\/wp-content\/uploads\/2010\/09\/011-160x128.jpg 160w, https:\/\/semndecarte.metarsis.ro\/wp-content\/uploads\/2010\/09\/011-163x130.jpg 163w, https:\/\/semndecarte.metarsis.ro\/wp-content\/uploads\/2010\/09\/011.jpg 450w\" sizes=\"(max-width: 160px) 100vw, 160px\" \/><\/a><\/td>\n<td style=\"width: 170px;\" align=\"center\" valign=\"top\"><a href=\"http:\/\/semndecarte.metarsis.ro\/wp-content\/uploads\/2010\/09\/010.jpg\" rel=\"lightbox[4145]\"><img loading=\"lazy\" class=\"alignleft size-medium wp-image-4178\" title=\"Gerard de Villiers - SAS Comoara lui Saddam\" src=\"http:\/\/semndecarte.metarsis.ro\/wp-content\/uploads\/2010\/09\/010-160x128.jpg\" alt=\"\" width=\"160\" height=\"128\" srcset=\"https:\/\/semndecarte.metarsis.ro\/wp-content\/uploads\/2010\/09\/010-160x128.jpg 160w, https:\/\/semndecarte.metarsis.ro\/wp-content\/uploads\/2010\/09\/010-163x130.jpg 163w, https:\/\/semndecarte.metarsis.ro\/wp-content\/uploads\/2010\/09\/010.jpg 450w\" sizes=\"(max-width: 160px) 100vw, 160px\" \/><\/a><\/td>\n<td style=\"width: 170px;\" align=\"center\" valign=\"top\"><a href=\"http:\/\/semndecarte.metarsis.ro\/wp-content\/uploads\/2010\/09\/002.jpg\" rel=\"lightbox[4145]\"><img loading=\"lazy\" class=\"alignleft size-medium wp-image-4169\" title=\"Irving Stone - Agonie \u0219i extaz\" src=\"http:\/\/semndecarte.metarsis.ro\/wp-content\/uploads\/2010\/09\/002-160x128.jpg\" alt=\"\" width=\"160\" height=\"128\" srcset=\"https:\/\/semndecarte.metarsis.ro\/wp-content\/uploads\/2010\/09\/002-160x128.jpg 160w, https:\/\/semndecarte.metarsis.ro\/wp-content\/uploads\/2010\/09\/002-163x130.jpg 163w, https:\/\/semndecarte.metarsis.ro\/wp-content\/uploads\/2010\/09\/002.jpg 450w\" sizes=\"(max-width: 160px) 100vw, 160px\" \/><\/a><\/td>\n<td style=\"width: 170px;\" align=\"center\" valign=\"top\"><a href=\"http:\/\/semndecarte.metarsis.ro\/wp-content\/uploads\/2010\/09\/33.jpg\" rel=\"lightbox[4145]\"><img loading=\"lazy\" class=\"alignleft size-medium wp-image-4196\" title=\"Rosamunde Plicher - De una singur\u0103\" src=\"http:\/\/semndecarte.metarsis.ro\/wp-content\/uploads\/2010\/09\/33-160x128.jpg\" alt=\"\" width=\"160\" height=\"128\" srcset=\"https:\/\/semndecarte.metarsis.ro\/wp-content\/uploads\/2010\/09\/33-160x128.jpg 160w, https:\/\/semndecarte.metarsis.ro\/wp-content\/uploads\/2010\/09\/33-163x130.jpg 163w, https:\/\/semndecarte.metarsis.ro\/wp-content\/uploads\/2010\/09\/33.jpg 450w\" sizes=\"(max-width: 160px) 100vw, 160px\" \/><\/a><\/td>\n<td style=\"width: 170px;\" align=\"center\" valign=\"top\"><a href=\"http:\/\/semndecarte.metarsis.ro\/wp-content\/uploads\/2010\/09\/34.jpg\" rel=\"lightbox[4145]\"><img loading=\"lazy\" class=\"alignleft size-medium wp-image-4197\" title=\"Nora Roberts - Cheia luminii\" src=\"http:\/\/semndecarte.metarsis.ro\/wp-content\/uploads\/2010\/09\/34-160x128.jpg\" alt=\"\" width=\"160\" height=\"128\" srcset=\"https:\/\/semndecarte.metarsis.ro\/wp-content\/uploads\/2010\/09\/34-160x128.jpg 160w, https:\/\/semndecarte.metarsis.ro\/wp-content\/uploads\/2010\/09\/34-163x130.jpg 163w, https:\/\/semndecarte.metarsis.ro\/wp-content\/uploads\/2010\/09\/34.jpg 450w\" sizes=\"(max-width: 160px) 100vw, 160px\" \/><\/a><\/td>\n<\/tr>\n<tr style=\"text-align: left;\">\n<td style=\"width: 170px;\" align=\"center\" valign=\"top\"><strong>Bestseller<\/strong> &#8211; Faiza Guene\u00a0 Azi ca m\u00e2ine \u0219i poim\u00e2ine<\/td>\n<td style=\"width: 170px;\" align=\"center\" valign=\"top\">Gerrard de Villiers &#8211; SAS Comoara lui Saddam<\/td>\n<td style=\"width: 170px;\" align=\"center\" valign=\"top\">Irving Stone &#8211; Agonie \u0219i extaz (Via\u021ba lui Michelangelo)<\/td>\n<td style=\"width: 170px;\" align=\"center\" valign=\"top\">Rosamunde Plicher &#8211; De una singur\u0103<\/td>\n<td style=\"width: 170px;\" align=\"center\" valign=\"top\"><strong>Bestseller<\/strong> &#8211; Nora Roberts &#8211; Cheia luminii<\/td>\n<\/tr>\n<tr>\n<td style=\"width: 170px;\" colspan=\"4\" align=\"center\" valign=\"top\">\n<p style=\"text-align: left;\"><span style=\"color: #ffffff;\">.<\/span><\/p>\n<p><a name=\"Carier\u0103\"><\/a><\/p>\n<h1 style=\"text-align: left;\">Carier\u0103<\/h1>\n<\/td>\n<td style=\"width: 170px; text-align: right;\" valign=\"top\"><\/td>\n<\/tr>\n<tr>\n<td style=\"width: 170px;\" align=\"center\" valign=\"top\"><a href=\"http:\/\/semndecarte.metarsis.ro\/wp-content\/uploads\/2010\/09\/012.jpg\" rel=\"lightbox[4145]\"><img loading=\"lazy\" class=\"alignleft size-medium wp-image-4185\" title=\"Comunicarea - Repere fundamentale\" src=\"http:\/\/semndecarte.metarsis.ro\/wp-content\/uploads\/2010\/09\/012-160x128.jpg\" alt=\"\" width=\"160\" height=\"128\" srcset=\"https:\/\/semndecarte.metarsis.ro\/wp-content\/uploads\/2010\/09\/012-160x128.jpg 160w, https:\/\/semndecarte.metarsis.ro\/wp-content\/uploads\/2010\/09\/012-163x131.jpg 163w, https:\/\/semndecarte.metarsis.ro\/wp-content\/uploads\/2010\/09\/012.jpg 450w\" sizes=\"(max-width: 160px) 100vw, 160px\" \/><\/a><\/td>\n<td style=\"width: 170px;\" align=\"center\" valign=\"top\"><a href=\"http:\/\/semndecarte.metarsis.ro\/wp-content\/uploads\/2010\/09\/36.jpg\" rel=\"lightbox[4145]\"><img loading=\"lazy\" class=\"alignleft size-medium wp-image-4198\" title=\"Arta negocierii \u00een afaceri\" src=\"http:\/\/semndecarte.metarsis.ro\/wp-content\/uploads\/2010\/09\/36-160x127.jpg\" alt=\"\" width=\"160\" height=\"127\" srcset=\"https:\/\/semndecarte.metarsis.ro\/wp-content\/uploads\/2010\/09\/36-160x127.jpg 160w, https:\/\/semndecarte.metarsis.ro\/wp-content\/uploads\/2010\/09\/36-163x129.jpg 163w, https:\/\/semndecarte.metarsis.ro\/wp-content\/uploads\/2010\/09\/36.jpg 453w\" sizes=\"(max-width: 160px) 100vw, 160px\" \/><\/a><\/td>\n<td style=\"width: 170px;\" align=\"center\" valign=\"top\"><a href=\"http:\/\/semndecarte.metarsis.ro\/wp-content\/uploads\/2010\/09\/37.jpg\" rel=\"lightbox[4145]\"><img loading=\"lazy\" class=\"alignleft size-medium wp-image-4199\" title=\"Comunicare simbolic\u0103\" src=\"http:\/\/semndecarte.metarsis.ro\/wp-content\/uploads\/2010\/09\/37-160x128.jpg\" alt=\"\" width=\"160\" height=\"128\" srcset=\"https:\/\/semndecarte.metarsis.ro\/wp-content\/uploads\/2010\/09\/37-160x128.jpg 160w, https:\/\/semndecarte.metarsis.ro\/wp-content\/uploads\/2010\/09\/37-163x130.jpg 163w, https:\/\/semndecarte.metarsis.ro\/wp-content\/uploads\/2010\/09\/37.jpg 450w\" sizes=\"(max-width: 160px) 100vw, 160px\" \/><\/a><\/td>\n<td style=\"width: 170px;\" align=\"center\" valign=\"top\"><a href=\"http:\/\/semndecarte.metarsis.ro\/wp-content\/uploads\/2010\/09\/38.jpg\" rel=\"lightbox[4145]\"><img loading=\"lazy\" class=\"alignleft size-medium wp-image-4200\" title=\"Funky Business\" src=\"http:\/\/semndecarte.metarsis.ro\/wp-content\/uploads\/2010\/09\/38-160x127.jpg\" alt=\"\" width=\"160\" height=\"127\" srcset=\"https:\/\/semndecarte.metarsis.ro\/wp-content\/uploads\/2010\/09\/38-160x127.jpg 160w, https:\/\/semndecarte.metarsis.ro\/wp-content\/uploads\/2010\/09\/38-163x130.jpg 163w, https:\/\/semndecarte.metarsis.ro\/wp-content\/uploads\/2010\/09\/38.jpg 450w\" sizes=\"(max-width: 160px) 100vw, 160px\" \/><\/a><\/td>\n<td style=\"width: 170px;\" align=\"center\" valign=\"top\"><a href=\"http:\/\/semndecarte.metarsis.ro\/wp-content\/uploads\/2010\/09\/003a.jpg\" rel=\"lightbox[4145]\"><img loading=\"lazy\" class=\"alignleft size-medium wp-image-4240\" title=\"Donald Arthur Norman - Designul lucrurilor de zi cu zi\" src=\"http:\/\/semndecarte.metarsis.ro\/wp-content\/uploads\/2010\/09\/003a-160x128.jpg\" alt=\"\" width=\"160\" height=\"128\" srcset=\"https:\/\/semndecarte.metarsis.ro\/wp-content\/uploads\/2010\/09\/003a-160x128.jpg 160w, https:\/\/semndecarte.metarsis.ro\/wp-content\/uploads\/2010\/09\/003a-163x130.jpg 163w, https:\/\/semndecarte.metarsis.ro\/wp-content\/uploads\/2010\/09\/003a.jpg 450w\" sizes=\"(max-width: 160px) 100vw, 160px\" \/><\/a><\/td>\n<\/tr>\n<tr>\n<td style=\"width: 170px;\" align=\"center\" valign=\"top\">Mihai Dinu &#8211; Comunicarea Repere fundamentale<\/td>\n<td style=\"width: 170px;\" align=\"center\" valign=\"top\">Roy J. lewicki \/ Alexander Hiam Arta negocierii \u00een afaceri<\/td>\n<td style=\"width: 170px;\" align=\"center\" valign=\"top\">Vasile Sebastian &#8211; Comunicare simbolic\u0103<\/td>\n<td style=\"width: 170px;\" align=\"center\" valign=\"top\">Jonas Ridderstrale \/ Kjell Nordstrom &#8211; Funky Business<\/td>\n<td style=\"width: 170px;\" align=\"center\" valign=\"top\">Donald Arthur Norman &#8211; Designul lucrurilor de zi cu zi<\/td>\n<\/tr>\n<tr>\n<td style=\"width: 170px;\" colspan=\"4\" align=\"center\" valign=\"top\">\n<p style=\"text-align: left;\"><span style=\"color: #ffffff;\">.<\/span><\/p>\n<p><a name=\"Carte \u00een limbi str\u0103ine\"><\/a><\/p>\n<h1 style=\"text-align: left;\">Carte \u00een limbi str\u0103ine<\/h1>\n<\/td>\n<td style=\"width: 170px; text-align: right;\" valign=\"middle\">\n<p><span style=\"color: #ffffff;\">.<\/span><\/p>\n<p><a href=\"#sus\">\u00cenapoi sus<\/a><\/p>\n<\/td>\n<\/tr>\n<tr>\n<td style=\"width: 170px;\" align=\"center\" valign=\"top\"><a href=\"http:\/\/semndecarte.metarsis.ro\/wp-content\/uploads\/2010\/09\/014.jpg\" rel=\"lightbox[4145]\"><img loading=\"lazy\" class=\"alignleft size-medium wp-image-4193\" title=\"Eine Dokumentation - Deutsche Literaturtage in Reschitza\" src=\"http:\/\/semndecarte.metarsis.ro\/wp-content\/uploads\/2010\/09\/014-160x128.jpg\" alt=\"\" width=\"160\" height=\"128\" srcset=\"https:\/\/semndecarte.metarsis.ro\/wp-content\/uploads\/2010\/09\/014-160x128.jpg 160w, https:\/\/semndecarte.metarsis.ro\/wp-content\/uploads\/2010\/09\/014-163x130.jpg 163w, https:\/\/semndecarte.metarsis.ro\/wp-content\/uploads\/2010\/09\/014.jpg 450w\" sizes=\"(max-width: 160px) 100vw, 160px\" \/><\/a><\/td>\n<td style=\"width: 170px;\" align=\"center\" valign=\"top\"><a href=\"http:\/\/semndecarte.metarsis.ro\/wp-content\/uploads\/2010\/09\/013.jpg\" rel=\"lightbox[4145]\"><img loading=\"lazy\" class=\"alignleft size-medium wp-image-4194\" title=\"Johann Lipp - Dorfchronik, ein Roman\" src=\"http:\/\/semndecarte.metarsis.ro\/wp-content\/uploads\/2010\/09\/013-160x128.jpg\" alt=\"\" width=\"160\" height=\"128\" srcset=\"https:\/\/semndecarte.metarsis.ro\/wp-content\/uploads\/2010\/09\/013-160x128.jpg 160w, https:\/\/semndecarte.metarsis.ro\/wp-content\/uploads\/2010\/09\/013-163x130.jpg 163w, https:\/\/semndecarte.metarsis.ro\/wp-content\/uploads\/2010\/09\/013.jpg 450w\" sizes=\"(max-width: 160px) 100vw, 160px\" \/><\/a><\/td>\n<td style=\"width: 170px;\" align=\"center\" valign=\"top\"><a href=\"http:\/\/semndecarte.metarsis.ro\/wp-content\/uploads\/2010\/09\/41.jpg\" rel=\"lightbox[4145]\"><img loading=\"lazy\" class=\"alignleft size-medium wp-image-4202\" title=\"Brigitte Mockel - Versuche des Wiederstehens\" src=\"http:\/\/semndecarte.metarsis.ro\/wp-content\/uploads\/2010\/09\/41-160x128.jpg\" alt=\"\" width=\"160\" height=\"128\" srcset=\"https:\/\/semndecarte.metarsis.ro\/wp-content\/uploads\/2010\/09\/41-160x128.jpg 160w, https:\/\/semndecarte.metarsis.ro\/wp-content\/uploads\/2010\/09\/41-163x130.jpg 163w, https:\/\/semndecarte.metarsis.ro\/wp-content\/uploads\/2010\/09\/41.jpg 450w\" sizes=\"(max-width: 160px) 100vw, 160px\" \/><\/a><\/td>\n<td style=\"width: 170px;\" align=\"center\" valign=\"top\"><a href=\"http:\/\/semndecarte.metarsis.ro\/wp-content\/uploads\/2010\/09\/39.jpg\" rel=\"lightbox[4145]\"><img loading=\"lazy\" class=\"alignleft size-medium wp-image-4201\" title=\"Alfonso Armada - Los temporales (poezie)\" src=\"http:\/\/semndecarte.metarsis.ro\/wp-content\/uploads\/2010\/09\/39-160x128.jpg\" alt=\"\" width=\"160\" height=\"128\" srcset=\"https:\/\/semndecarte.metarsis.ro\/wp-content\/uploads\/2010\/09\/39-160x128.jpg 160w, https:\/\/semndecarte.metarsis.ro\/wp-content\/uploads\/2010\/09\/39-163x130.jpg 163w, https:\/\/semndecarte.metarsis.ro\/wp-content\/uploads\/2010\/09\/39.jpg 450w\" sizes=\"(max-width: 160px) 100vw, 160px\" \/><\/a><\/td>\n<td style=\"width: 170px;\" align=\"center\" valign=\"top\"><a href=\"http:\/\/semndecarte.metarsis.ro\/wp-content\/uploads\/2010\/09\/40.jpg\" rel=\"lightbox[4145]\"><img loading=\"lazy\" class=\"alignleft size-medium wp-image-4203\" title=\"Adriana Iacov - English for tourism proffesionals and staff\" src=\"http:\/\/semndecarte.metarsis.ro\/wp-content\/uploads\/2010\/09\/40-160x128.jpg\" alt=\"\" width=\"160\" height=\"128\" srcset=\"https:\/\/semndecarte.metarsis.ro\/wp-content\/uploads\/2010\/09\/40-160x128.jpg 160w, https:\/\/semndecarte.metarsis.ro\/wp-content\/uploads\/2010\/09\/40-163x130.jpg 163w, https:\/\/semndecarte.metarsis.ro\/wp-content\/uploads\/2010\/09\/40.jpg 450w\" sizes=\"(max-width: 160px) 100vw, 160px\" \/><\/a><\/td>\n<\/tr>\n<tr>\n<td style=\"width: 170px;\" align=\"center\" valign=\"top\">Eine Dokumenation &#8211; Deutsche Literaturtage in Reshitza<\/td>\n<td style=\"width: 170px;\" align=\"center\" valign=\"top\">Jjohann Lipper &#8211; Dorfchronik, ein Roman<\/td>\n<td style=\"width: 170px;\" align=\"center\" valign=\"top\">Brigitte Mockel &#8211; Versuche des Wiederstehens<\/td>\n<td style=\"width: 170px;\" align=\"center\" valign=\"top\">Alfonso Armada &#8211; Los temporales (poezie)<\/td>\n<td style=\"width: 170px;\" align=\"center\" valign=\"top\">\n<p>Adriana Iacov &#8211; English for tourism proffesionals and staff<\/p>\n<\/td>\n<\/tr>\n<tr>\n<td style=\"width: 170px;\" colspan=\"4\" align=\"center\" valign=\"top\">\n<p style=\"text-align: left;\"><span style=\"color: #ffffff;\">.<\/span><\/p>\n<p><a name=\"Carte pentru copii\"><\/a><\/p>\n<h1 style=\"text-align: left;\">Carte pentru copii<\/h1>\n<\/td>\n<td style=\"width: 170px; text-align: right;\" valign=\"top\">\n<p><span style=\"color: #ffffff;\">.<\/span><\/p>\n<p><a href=\"#sus\">\u00cenapoi sus<\/a><\/p>\n<\/td>\n<\/tr>\n<tr>\n<td style=\"width: 170px;\" align=\"center\" valign=\"top\"><a href=\"http:\/\/semndecarte.metarsis.ro\/wp-content\/uploads\/2010\/09\/016.jpg\" rel=\"lightbox[4145]\"><img loading=\"lazy\" class=\"alignleft size-medium wp-image-4172\" title=\"Carte de colorat\" src=\"http:\/\/semndecarte.metarsis.ro\/wp-content\/uploads\/2010\/09\/016-160x128.jpg\" alt=\"\" width=\"160\" height=\"128\" srcset=\"https:\/\/semndecarte.metarsis.ro\/wp-content\/uploads\/2010\/09\/016-160x128.jpg 160w, https:\/\/semndecarte.metarsis.ro\/wp-content\/uploads\/2010\/09\/016-163x130.jpg 163w, https:\/\/semndecarte.metarsis.ro\/wp-content\/uploads\/2010\/09\/016.jpg 450w\" sizes=\"(max-width: 160px) 100vw, 160px\" \/><\/a><\/td>\n<td style=\"width: 170px;\" align=\"center\" valign=\"top\"><a href=\"http:\/\/semndecarte.metarsis.ro\/wp-content\/uploads\/2010\/09\/015.jpg\" rel=\"lightbox[4145]\"><img loading=\"lazy\" class=\"alignleft size-medium wp-image-4173\" title=\"Tehnica\" src=\"http:\/\/semndecarte.metarsis.ro\/wp-content\/uploads\/2010\/09\/015-160x128.jpg\" alt=\"\" width=\"160\" height=\"128\" srcset=\"https:\/\/semndecarte.metarsis.ro\/wp-content\/uploads\/2010\/09\/015-160x128.jpg 160w, https:\/\/semndecarte.metarsis.ro\/wp-content\/uploads\/2010\/09\/015-163x130.jpg 163w, https:\/\/semndecarte.metarsis.ro\/wp-content\/uploads\/2010\/09\/015.jpg 450w\" sizes=\"(max-width: 160px) 100vw, 160px\" \/><\/a><\/td>\n<td style=\"width: 170px;\" align=\"center\" valign=\"top\"><a href=\"http:\/\/semndecarte.metarsis.ro\/wp-content\/uploads\/2010\/09\/43.jpg\" rel=\"lightbox[4145]\"><img loading=\"lazy\" class=\"alignleft size-medium wp-image-4204\" title=\"Poeziile copil\u0103riei\" src=\"http:\/\/semndecarte.metarsis.ro\/wp-content\/uploads\/2010\/09\/43-160x128.jpg\" alt=\"\" width=\"160\" height=\"128\" srcset=\"https:\/\/semndecarte.metarsis.ro\/wp-content\/uploads\/2010\/09\/43-160x128.jpg 160w, https:\/\/semndecarte.metarsis.ro\/wp-content\/uploads\/2010\/09\/43-163x130.jpg 163w, https:\/\/semndecarte.metarsis.ro\/wp-content\/uploads\/2010\/09\/43.jpg 450w\" sizes=\"(max-width: 160px) 100vw, 160px\" \/><\/a><\/td>\n<td style=\"width: 170px;\" align=\"center\" valign=\"top\"><a href=\"http:\/\/semndecarte.metarsis.ro\/wp-content\/uploads\/2010\/09\/44.jpg\" rel=\"lightbox[4145]\"><img loading=\"lazy\" class=\"alignleft size-medium wp-image-4205\" title=\"Carte de colorat cu animale\" src=\"http:\/\/semndecarte.metarsis.ro\/wp-content\/uploads\/2010\/09\/44-160x128.jpg\" alt=\"\" width=\"160\" height=\"128\" srcset=\"https:\/\/semndecarte.metarsis.ro\/wp-content\/uploads\/2010\/09\/44-160x128.jpg 160w, https:\/\/semndecarte.metarsis.ro\/wp-content\/uploads\/2010\/09\/44-163x130.jpg 163w, https:\/\/semndecarte.metarsis.ro\/wp-content\/uploads\/2010\/09\/44.jpg 450w\" sizes=\"(max-width: 160px) 100vw, 160px\" \/><\/a><\/td>\n<td style=\"width: 170px;\" align=\"center\" valign=\"top\"><a href=\"http:\/\/semndecarte.metarsis.ro\/wp-content\/uploads\/2010\/09\/42.jpg\" rel=\"lightbox[4145]\"><img loading=\"lazy\" class=\"alignleft size-medium wp-image-4206\" title=\"C\u0103r\u021bi de joc educative - Alfabetul\" src=\"http:\/\/semndecarte.metarsis.ro\/wp-content\/uploads\/2010\/09\/42-160x128.jpg\" alt=\"\" width=\"160\" height=\"128\" srcset=\"https:\/\/semndecarte.metarsis.ro\/wp-content\/uploads\/2010\/09\/42-160x128.jpg 160w, https:\/\/semndecarte.metarsis.ro\/wp-content\/uploads\/2010\/09\/42-163x130.jpg 163w, https:\/\/semndecarte.metarsis.ro\/wp-content\/uploads\/2010\/09\/42.jpg 450w\" sizes=\"(max-width: 160px) 100vw, 160px\" \/><\/a><\/td>\n<\/tr>\n<tr>\n<td style=\"width: 170px;\" align=\"center\" valign=\"top\">Care de colorat &#8211; Greierele \u0219i furnica<\/td>\n<td style=\"width: 170px;\" align=\"center\" valign=\"top\">Tehnica &#8211; Enciclopedia pentru copii<\/td>\n<td style=\"width: 170px;\" align=\"center\" valign=\"top\">Poeziile copil\u0103riei<\/td>\n<td style=\"width: 170px;\" align=\"center\" valign=\"top\">Carte de colorat cu animale<\/td>\n<td style=\"width: 170px;\" align=\"center\" valign=\"top\">C\u0103r\u021bi de joc educative &#8211; Alfabetul<\/td>\n<\/tr>\n<tr>\n<td style=\"width: 170px;\" colspan=\"4\" align=\"center\" valign=\"top\">\n<p style=\"text-align: left;\"><span style=\"color: #ffffff;\">.<\/span><\/p>\n<p><a name=\"CD DVD\"><\/a><\/p>\n<h1 style=\"text-align: left;\">CD DVD<\/h1>\n<\/td>\n<td style=\"width: 170px; text-align: right;\" valign=\"top\">\n<p><span style=\"color: #ffffff;\">.<\/span><\/p>\n<p><a href=\"#sus\">\u00cenapoi sus<\/a><\/p>\n<\/td>\n<\/tr>\n<tr>\n<td style=\"width: 170px;\" align=\"center\" valign=\"top\"><a href=\"http:\/\/semndecarte.metarsis.ro\/wp-content\/uploads\/2010\/09\/47.jpg\" rel=\"lightbox[4145]\"><img loading=\"lazy\" class=\"alignleft size-medium wp-image-4207\" title=\"Johnny R\u0103ducanu - Retrospectiva Jazz\" src=\"http:\/\/semndecarte.metarsis.ro\/wp-content\/uploads\/2010\/09\/47-160x128.jpg\" alt=\"\" width=\"160\" height=\"128\" srcset=\"https:\/\/semndecarte.metarsis.ro\/wp-content\/uploads\/2010\/09\/47-160x128.jpg 160w, https:\/\/semndecarte.metarsis.ro\/wp-content\/uploads\/2010\/09\/47-163x130.jpg 163w, https:\/\/semndecarte.metarsis.ro\/wp-content\/uploads\/2010\/09\/47.jpg 450w\" sizes=\"(max-width: 160px) 100vw, 160px\" \/><\/a><\/td>\n<td style=\"width: 170px;\" align=\"center\" valign=\"top\"><a href=\"http:\/\/semndecarte.metarsis.ro\/wp-content\/uploads\/2010\/09\/46.jpg\" rel=\"lightbox[4145]\"><img loading=\"lazy\" class=\"alignleft size-medium wp-image-4208\" title=\"Gershwin - solist Dan Mizrahy\" src=\"http:\/\/semndecarte.metarsis.ro\/wp-content\/uploads\/2010\/09\/46-160x128.jpg\" alt=\"\" width=\"160\" height=\"128\" srcset=\"https:\/\/semndecarte.metarsis.ro\/wp-content\/uploads\/2010\/09\/46-160x128.jpg 160w, https:\/\/semndecarte.metarsis.ro\/wp-content\/uploads\/2010\/09\/46-163x130.jpg 163w, https:\/\/semndecarte.metarsis.ro\/wp-content\/uploads\/2010\/09\/46.jpg 450w\" sizes=\"(max-width: 160px) 100vw, 160px\" \/><\/a><\/td>\n<td style=\"width: 170px;\" align=\"center\" valign=\"top\"><a href=\"http:\/\/semndecarte.metarsis.ro\/wp-content\/uploads\/2010\/09\/48.jpg\" rel=\"lightbox[4145]\"><img loading=\"lazy\" class=\"alignleft size-medium wp-image-4209\" title=\"Didina Curea - Nu mai sunt eu\" src=\"http:\/\/semndecarte.metarsis.ro\/wp-content\/uploads\/2010\/09\/48-160x128.jpg\" alt=\"\" width=\"160\" height=\"128\" srcset=\"https:\/\/semndecarte.metarsis.ro\/wp-content\/uploads\/2010\/09\/48-160x128.jpg 160w, https:\/\/semndecarte.metarsis.ro\/wp-content\/uploads\/2010\/09\/48-163x130.jpg 163w, https:\/\/semndecarte.metarsis.ro\/wp-content\/uploads\/2010\/09\/48.jpg 450w\" sizes=\"(max-width: 160px) 100vw, 160px\" \/><\/a><\/td>\n<td style=\"width: 170px;\" align=\"center\" valign=\"top\"><a href=\"http:\/\/semndecarte.metarsis.ro\/wp-content\/uploads\/2010\/09\/45.jpg\" rel=\"lightbox[4145]\"><img loading=\"lazy\" class=\"alignleft size-medium wp-image-4210\" title=\"Ramona Vi\u021ba - Vinul de Banat\" src=\"http:\/\/semndecarte.metarsis.ro\/wp-content\/uploads\/2010\/09\/45-160x128.jpg\" alt=\"\" width=\"160\" height=\"128\" srcset=\"https:\/\/semndecarte.metarsis.ro\/wp-content\/uploads\/2010\/09\/45-160x128.jpg 160w, https:\/\/semndecarte.metarsis.ro\/wp-content\/uploads\/2010\/09\/45-163x130.jpg 163w, https:\/\/semndecarte.metarsis.ro\/wp-content\/uploads\/2010\/09\/45.jpg 450w\" sizes=\"(max-width: 160px) 100vw, 160px\" \/><\/a><\/td>\n<td style=\"width: 170px;\" align=\"center\" valign=\"top\"><a href=\"http:\/\/semndecarte.metarsis.ro\/wp-content\/uploads\/2010\/09\/48a.jpg\" rel=\"lightbox[4145]\"><img loading=\"lazy\" class=\"alignleft size-medium wp-image-4239\" title=\"Maria Didraga - Din Banatul meu cu flori\" src=\"http:\/\/semndecarte.metarsis.ro\/wp-content\/uploads\/2010\/09\/48a-160x128.jpg\" alt=\"\" width=\"160\" height=\"128\" srcset=\"https:\/\/semndecarte.metarsis.ro\/wp-content\/uploads\/2010\/09\/48a-160x128.jpg 160w, https:\/\/semndecarte.metarsis.ro\/wp-content\/uploads\/2010\/09\/48a-163x130.jpg 163w, https:\/\/semndecarte.metarsis.ro\/wp-content\/uploads\/2010\/09\/48a.jpg 450w\" sizes=\"(max-width: 160px) 100vw, 160px\" \/><\/a><\/td>\n<\/tr>\n<tr>\n<td style=\"width: 170px;\" align=\"center\" valign=\"top\">Johnny R\u0103ducanu &#8211; Retrospectiva Jazz<\/td>\n<td style=\"width: 170px;\" align=\"center\" valign=\"top\">George Gershwin &#8211; solist Dan Mizrahy<\/td>\n<td style=\"width: 170px;\" align=\"center\" valign=\"top\">Didina Curea &#8211; Nu mai sunt eu<\/td>\n<td style=\"width: 170px;\" align=\"center\" valign=\"top\">Ramona Vi\u021ba &#8211; Vinul de Banat<\/td>\n<td style=\"width: 170px;\" align=\"center\" valign=\"top\">Maria Didraga &#8211; Din Banatul meu cu flori<\/td>\n<\/tr>\n<tr>\n<td style=\"width: 170px;\" colspan=\"4\" align=\"center\" valign=\"top\">\n<p style=\"text-align: left;\"><span style=\"color: #ffffff;\">.<\/span><\/p>\n<p><a name=\"Dic\u021bionare Enciclopedii Ghiduri de conversa\u021bie\"><\/a><\/p>\n<h1 style=\"text-align: left;\">Dic\u021bionare Enciclopedii Ghiduri de conversa\u021bie<\/h1>\n<\/td>\n<td style=\"width: 170px; text-align: right;\" valign=\"top\">\n<p><span style=\"color: #ffffff;\">.<\/span><\/p>\n<p><a href=\"#sus\">\u00cenapoi sus<\/a><\/p>\n<\/td>\n<\/tr>\n<tr>\n<td style=\"width: 170px;\" align=\"center\" valign=\"top\"><a href=\"http:\/\/semndecarte.metarsis.ro\/wp-content\/uploads\/2010\/09\/018.jpg\" rel=\"lightbox[4145]\"><img loading=\"lazy\" class=\"alignleft size-medium wp-image-4175\" title=\"Dic\u021bionar geografic\" src=\"http:\/\/semndecarte.metarsis.ro\/wp-content\/uploads\/2010\/09\/018-160x128.jpg\" alt=\"\" width=\"160\" height=\"128\" srcset=\"https:\/\/semndecarte.metarsis.ro\/wp-content\/uploads\/2010\/09\/018-160x128.jpg 160w, https:\/\/semndecarte.metarsis.ro\/wp-content\/uploads\/2010\/09\/018-163x130.jpg 163w, https:\/\/semndecarte.metarsis.ro\/wp-content\/uploads\/2010\/09\/018.jpg 450w\" sizes=\"(max-width: 160px) 100vw, 160px\" \/><\/a><\/td>\n<td style=\"width: 170px;\" align=\"center\" valign=\"top\"><a href=\"http:\/\/semndecarte.metarsis.ro\/wp-content\/uploads\/2010\/09\/019.jpg\" rel=\"lightbox[4145]\"><img loading=\"lazy\" class=\"alignleft size-medium wp-image-4174\" title=\"Britannica\" src=\"http:\/\/semndecarte.metarsis.ro\/wp-content\/uploads\/2010\/09\/019-160x128.jpg\" alt=\"\" width=\"160\" height=\"128\" srcset=\"https:\/\/semndecarte.metarsis.ro\/wp-content\/uploads\/2010\/09\/019-160x128.jpg 160w, https:\/\/semndecarte.metarsis.ro\/wp-content\/uploads\/2010\/09\/019-163x131.jpg 163w, https:\/\/semndecarte.metarsis.ro\/wp-content\/uploads\/2010\/09\/019.jpg 450w\" sizes=\"(max-width: 160px) 100vw, 160px\" \/><\/a><\/td>\n<td style=\"width: 170px;\" align=\"center\" valign=\"top\"><a href=\"http:\/\/semndecarte.metarsis.ro\/wp-content\/uploads\/2010\/09\/49.jpg\" rel=\"lightbox[4145]\"><img loading=\"lazy\" class=\"alignleft size-medium wp-image-4211\" title=\"Dic\u021bionar Vizual Englez-Rom\u00e2n\" src=\"http:\/\/semndecarte.metarsis.ro\/wp-content\/uploads\/2010\/09\/49-160x128.jpg\" alt=\"\" width=\"160\" height=\"128\" srcset=\"https:\/\/semndecarte.metarsis.ro\/wp-content\/uploads\/2010\/09\/49-160x128.jpg 160w, https:\/\/semndecarte.metarsis.ro\/wp-content\/uploads\/2010\/09\/49-163x130.jpg 163w, https:\/\/semndecarte.metarsis.ro\/wp-content\/uploads\/2010\/09\/49.jpg 450w\" sizes=\"(max-width: 160px) 100vw, 160px\" \/><\/a><\/td>\n<td style=\"width: 170px;\" align=\"center\" valign=\"top\"><a href=\"http:\/\/semndecarte.metarsis.ro\/wp-content\/uploads\/2010\/09\/50.jpg\" rel=\"lightbox[4145]\"><img loading=\"lazy\" class=\"alignleft size-medium wp-image-4212\" title=\"Dic\u021bionar Rom\u00e2n-Spaniol \/ Spaniol-Rom\u00e2n\" src=\"http:\/\/semndecarte.metarsis.ro\/wp-content\/uploads\/2010\/09\/50-160x128.jpg\" alt=\"\" width=\"160\" height=\"128\" srcset=\"https:\/\/semndecarte.metarsis.ro\/wp-content\/uploads\/2010\/09\/50-160x128.jpg 160w, https:\/\/semndecarte.metarsis.ro\/wp-content\/uploads\/2010\/09\/50-163x130.jpg 163w, https:\/\/semndecarte.metarsis.ro\/wp-content\/uploads\/2010\/09\/50.jpg 450w\" sizes=\"(max-width: 160px) 100vw, 160px\" \/><\/a><\/td>\n<td style=\"width: 170px;\" align=\"center\" valign=\"top\"><a href=\"http:\/\/semndecarte.metarsis.ro\/wp-content\/uploads\/2010\/09\/51.jpg\" rel=\"lightbox[4145]\"><img loading=\"lazy\" class=\"alignleft size-medium wp-image-4213\" title=\"Enciclopedia copiilor\" src=\"http:\/\/semndecarte.metarsis.ro\/wp-content\/uploads\/2010\/09\/51-160x128.jpg\" alt=\"\" width=\"160\" height=\"128\" srcset=\"https:\/\/semndecarte.metarsis.ro\/wp-content\/uploads\/2010\/09\/51-160x128.jpg 160w, https:\/\/semndecarte.metarsis.ro\/wp-content\/uploads\/2010\/09\/51-163x130.jpg 163w, https:\/\/semndecarte.metarsis.ro\/wp-content\/uploads\/2010\/09\/51.jpg 450w\" sizes=\"(max-width: 160px) 100vw, 160px\" \/><\/a><\/td>\n<\/tr>\n<tr>\n<td style=\"width: 170px;\" align=\"center\" valign=\"top\">Dic\u021bionar geografic universal &#8211; Con\u021bine CD<\/td>\n<td style=\"width: 170px;\" align=\"center\" valign=\"top\">Enciclopedia universal\u0103 Britannica<\/td>\n<td style=\"width: 170px;\" align=\"center\" valign=\"top\">Dic\u021bionar Vizual Englez-Rom\u00e2n<\/td>\n<td style=\"width: 170px;\" align=\"center\" valign=\"top\">Dic\u021bionar Rom\u00e2n-Spaniol \/ Spaniol-Rom\u00e2n<\/td>\n<td style=\"width: 170px;\" align=\"center\" valign=\"top\">Enciclopedia copiilor<\/td>\n<\/tr>\n<tr>\n<td style=\"width: 170px;\" colspan=\"4\" align=\"center\" valign=\"top\">\n<p style=\"text-align: left;\"><span style=\"color: #ffffff;\">.<\/span><\/p>\n<p><a name=\"Gastronomie\"><\/a><\/p>\n<h1 style=\"text-align: left;\">Gastronomie<\/h1>\n<\/td>\n<td style=\"width: 170px; text-align: right;\" valign=\"top\">\n<p><span style=\"color: #ffffff;\">.<\/span><\/p>\n<p><a href=\"#sus\">\u00cenapoi sus<\/a><\/p>\n<\/td>\n<\/tr>\n<tr>\n<td style=\"width: 170px;\" align=\"center\" valign=\"top\"><a href=\"http:\/\/semndecarte.metarsis.ro\/wp-content\/uploads\/2010\/09\/024.jpg\" rel=\"lightbox[4145]\"><img loading=\"lazy\" class=\"alignleft size-medium wp-image-4177\" title=\"Radu Anton Roman - Bucate, vinuri \u0219i obiceiuri rom\u00e2ne\u0219ti\" src=\"http:\/\/semndecarte.metarsis.ro\/wp-content\/uploads\/2010\/09\/024-160x128.jpg\" alt=\"\" width=\"160\" height=\"128\" srcset=\"https:\/\/semndecarte.metarsis.ro\/wp-content\/uploads\/2010\/09\/024-160x128.jpg 160w, https:\/\/semndecarte.metarsis.ro\/wp-content\/uploads\/2010\/09\/024-163x130.jpg 163w, https:\/\/semndecarte.metarsis.ro\/wp-content\/uploads\/2010\/09\/024.jpg 450w\" sizes=\"(max-width: 160px) 100vw, 160px\" \/><\/a><\/td>\n<td style=\"width: 170px;\" align=\"center\" valign=\"top\"><a href=\"http:\/\/semndecarte.metarsis.ro\/wp-content\/uploads\/2010\/09\/52.jpg\" rel=\"lightbox[4145]\"><img loading=\"lazy\" class=\"alignleft size-medium wp-image-4214\" title=\"Robert OYoung, Shelly redford Young - Dieta Young\" src=\"http:\/\/semndecarte.metarsis.ro\/wp-content\/uploads\/2010\/09\/52-160x128.jpg\" alt=\"\" width=\"160\" height=\"128\" srcset=\"https:\/\/semndecarte.metarsis.ro\/wp-content\/uploads\/2010\/09\/52-160x128.jpg 160w, https:\/\/semndecarte.metarsis.ro\/wp-content\/uploads\/2010\/09\/52-163x130.jpg 163w, https:\/\/semndecarte.metarsis.ro\/wp-content\/uploads\/2010\/09\/52.jpg 450w\" sizes=\"(max-width: 160px) 100vw, 160px\" \/><\/a><\/td>\n<td style=\"width: 170px;\" align=\"center\" valign=\"top\"><a href=\"http:\/\/semndecarte.metarsis.ro\/wp-content\/uploads\/2010\/09\/53.jpg\" rel=\"lightbox[4145]\"><img loading=\"lazy\" class=\"alignleft size-medium wp-image-4215\" title=\"Viorica Cheregi - Carte de bucate \u0219i alte delicatese\" src=\"http:\/\/semndecarte.metarsis.ro\/wp-content\/uploads\/2010\/09\/53-160x128.jpg\" alt=\"\" width=\"160\" height=\"128\" srcset=\"https:\/\/semndecarte.metarsis.ro\/wp-content\/uploads\/2010\/09\/53-160x128.jpg 160w, https:\/\/semndecarte.metarsis.ro\/wp-content\/uploads\/2010\/09\/53-163x130.jpg 163w, https:\/\/semndecarte.metarsis.ro\/wp-content\/uploads\/2010\/09\/53.jpg 450w\" sizes=\"(max-width: 160px) 100vw, 160px\" \/><\/a><\/td>\n<td style=\"width: 170px;\" align=\"center\" valign=\"top\"><a href=\"http:\/\/semndecarte.metarsis.ro\/wp-content\/uploads\/2010\/09\/54.jpg\" rel=\"lightbox[4145]\"><img loading=\"lazy\" class=\"alignleft size-medium wp-image-4216\" title=\"Maria Cristea - Buc\u0103t\u0103rie rom\u00e2neasc\u0103\" src=\"http:\/\/semndecarte.metarsis.ro\/wp-content\/uploads\/2010\/09\/54-160x128.jpg\" alt=\"\" width=\"160\" height=\"128\" srcset=\"https:\/\/semndecarte.metarsis.ro\/wp-content\/uploads\/2010\/09\/54-160x128.jpg 160w, https:\/\/semndecarte.metarsis.ro\/wp-content\/uploads\/2010\/09\/54-163x130.jpg 163w, https:\/\/semndecarte.metarsis.ro\/wp-content\/uploads\/2010\/09\/54.jpg 450w\" sizes=\"(max-width: 160px) 100vw, 160px\" \/><\/a><\/td>\n<td style=\"width: 170px;\" align=\"center\" valign=\"top\"><a href=\"http:\/\/semndecarte.metarsis.ro\/wp-content\/uploads\/2010\/09\/55.jpg\" rel=\"lightbox[4145]\"><img loading=\"lazy\" class=\"alignleft size-medium wp-image-4217\" title=\"Tom Standage - O istorie a lumii \u00een 6 pahare\" src=\"http:\/\/semndecarte.metarsis.ro\/wp-content\/uploads\/2010\/09\/55-160x128.jpg\" alt=\"\" width=\"160\" height=\"128\" srcset=\"https:\/\/semndecarte.metarsis.ro\/wp-content\/uploads\/2010\/09\/55-160x128.jpg 160w, https:\/\/semndecarte.metarsis.ro\/wp-content\/uploads\/2010\/09\/55-163x130.jpg 163w, https:\/\/semndecarte.metarsis.ro\/wp-content\/uploads\/2010\/09\/55.jpg 450w\" sizes=\"(max-width: 160px) 100vw, 160px\" \/><\/a><\/td>\n<\/tr>\n<tr>\n<td style=\"width: 170px;\" align=\"center\" valign=\"top\">Radu Anton Roman &#8211; Bucate, vinuri \u0219i obiceiuri rom\u00e2ne\u0219ti<\/td>\n<td style=\"width: 170px;\" align=\"center\" valign=\"top\">Robert OYoung, Shelly redford Young &#8211; Dieta Young<\/td>\n<td style=\"width: 170px;\" align=\"center\" valign=\"top\">Viorica Cheregi &#8211; Carte de bucate \u0219i alte delicatese<\/td>\n<td style=\"width: 170px;\" align=\"center\" valign=\"top\">Maria Cristea &#8211; Buc\u0103t\u0103rie rom\u00e2neasc\u0103<\/td>\n<td style=\"width: 170px;\" align=\"center\" valign=\"top\">Tom Standage &#8211; O istorie a lumii \u00een 6 pahare<\/td>\n<\/tr>\n<tr>\n<td style=\"width: 170px;\" colspan=\"4\" align=\"center\" valign=\"top\">\n<p style=\"text-align: left;\"><span style=\"color: #ffffff;\">.<\/span><\/p>\n<p><a name=\"Istorie Religie\"><\/a><\/p>\n<h1 style=\"text-align: left;\">Istorie Religie<\/h1>\n<\/td>\n<td style=\"width: 170px; text-align: right;\" valign=\"top\">\n<p><span style=\"color: #ffffff;\">.<\/span><\/p>\n<p><a href=\"#sus\">\u00cenapoi sus<\/a><\/p>\n<\/td>\n<\/tr>\n<tr>\n<td style=\"width: 170px;\" align=\"center\" valign=\"top\"><a href=\"http:\/\/semndecarte.metarsis.ro\/wp-content\/uploads\/2010\/09\/025.jpg\" rel=\"lightbox[4145]\"><img loading=\"lazy\" class=\"alignleft size-medium wp-image-4181\" title=\"Ion Petrica - Medita\u021bii pentru contemporani\" src=\"http:\/\/semndecarte.metarsis.ro\/wp-content\/uploads\/2010\/09\/025-160x128.jpg\" alt=\"\" width=\"160\" height=\"128\" srcset=\"https:\/\/semndecarte.metarsis.ro\/wp-content\/uploads\/2010\/09\/025-160x128.jpg 160w, https:\/\/semndecarte.metarsis.ro\/wp-content\/uploads\/2010\/09\/025-163x130.jpg 163w, https:\/\/semndecarte.metarsis.ro\/wp-content\/uploads\/2010\/09\/025.jpg 450w\" sizes=\"(max-width: 160px) 100vw, 160px\" \/><\/a><\/td>\n<td style=\"width: 170px;\" align=\"center\" valign=\"top\"><a href=\"http:\/\/semndecarte.metarsis.ro\/wp-content\/uploads\/2010\/09\/017.jpg\" rel=\"lightbox[4145]\"><img loading=\"lazy\" class=\"alignleft size-medium wp-image-4179\" title=\"Dan Perianu - Personalit\u0103\u021bi a culturii tehnice \u0219i industriale din Banatul Montan\" src=\"http:\/\/semndecarte.metarsis.ro\/wp-content\/uploads\/2010\/09\/017-160x128.jpg\" alt=\"\" width=\"160\" height=\"128\" srcset=\"https:\/\/semndecarte.metarsis.ro\/wp-content\/uploads\/2010\/09\/017-160x128.jpg 160w, https:\/\/semndecarte.metarsis.ro\/wp-content\/uploads\/2010\/09\/017-163x130.jpg 163w, https:\/\/semndecarte.metarsis.ro\/wp-content\/uploads\/2010\/09\/017.jpg 450w\" sizes=\"(max-width: 160px) 100vw, 160px\" \/><\/a><\/td>\n<td style=\"width: 170px;\" align=\"center\" valign=\"top\"><a href=\"http:\/\/semndecarte.metarsis.ro\/wp-content\/uploads\/2010\/09\/026.jpg\" rel=\"lightbox[4145]\"><img loading=\"lazy\" class=\"alignleft size-medium wp-image-4180\" title=\"Cristian Sandache - Via\u021ba public\u0103 \u0219i privat\u0103 a lui Carlo al II-lea\" src=\"http:\/\/semndecarte.metarsis.ro\/wp-content\/uploads\/2010\/09\/026-160x128.jpg\" alt=\"\" width=\"160\" height=\"128\" srcset=\"https:\/\/semndecarte.metarsis.ro\/wp-content\/uploads\/2010\/09\/026-160x128.jpg 160w, https:\/\/semndecarte.metarsis.ro\/wp-content\/uploads\/2010\/09\/026-163x130.jpg 163w, https:\/\/semndecarte.metarsis.ro\/wp-content\/uploads\/2010\/09\/026.jpg 450w\" sizes=\"(max-width: 160px) 100vw, 160px\" \/><\/a><\/td>\n<td style=\"width: 170px;\" align=\"center\" valign=\"top\"><a href=\"http:\/\/semndecarte.metarsis.ro\/wp-content\/uploads\/2010\/09\/57.jpg\" rel=\"lightbox[4145]\"><img loading=\"lazy\" class=\"alignleft size-medium wp-image-4218\" title=\"Paco Ignatio Taibo - Che Guevara\" src=\"http:\/\/semndecarte.metarsis.ro\/wp-content\/uploads\/2010\/09\/57-160x128.jpg\" alt=\"\" width=\"160\" height=\"128\" srcset=\"https:\/\/semndecarte.metarsis.ro\/wp-content\/uploads\/2010\/09\/57-160x128.jpg 160w, https:\/\/semndecarte.metarsis.ro\/wp-content\/uploads\/2010\/09\/57-163x130.jpg 163w, https:\/\/semndecarte.metarsis.ro\/wp-content\/uploads\/2010\/09\/57.jpg 450w\" sizes=\"(max-width: 160px) 100vw, 160px\" \/><\/a><\/td>\n<td style=\"width: 170px;\" align=\"center\" valign=\"top\"><a href=\"http:\/\/semndecarte.metarsis.ro\/wp-content\/uploads\/2010\/09\/56.jpg\" rel=\"lightbox[4145]\"><img loading=\"lazy\" class=\"alignleft size-medium wp-image-4219\" title=\"Biblia - Via\u021ba lui Isus\" src=\"http:\/\/semndecarte.metarsis.ro\/wp-content\/uploads\/2010\/09\/56-160x128.jpg\" alt=\"\" width=\"160\" height=\"128\" srcset=\"https:\/\/semndecarte.metarsis.ro\/wp-content\/uploads\/2010\/09\/56-160x128.jpg 160w, https:\/\/semndecarte.metarsis.ro\/wp-content\/uploads\/2010\/09\/56-163x130.jpg 163w, https:\/\/semndecarte.metarsis.ro\/wp-content\/uploads\/2010\/09\/56.jpg 450w\" sizes=\"(max-width: 160px) 100vw, 160px\" \/><\/a><\/td>\n<\/tr>\n<tr>\n<td style=\"width: 170px;\" align=\"center\" valign=\"top\">Preot Ion Petrica\u00a0 &#8211;\u00a0 Medita\u021bii pentru contemporani<\/td>\n<td style=\"width: 170px;\" align=\"center\" valign=\"top\">Dan Perianu &#8211; Personalit\u0103\u021bi a culturii tehnice \u0219i industriale din Banatul Montan<\/td>\n<td style=\"width: 170px;\" align=\"center\" valign=\"top\">Cristian Sandache &#8211; Via\u021ba public\u0103 \u0219i privat\u0103 a lui Carlo al II-lea<\/td>\n<td style=\"width: 170px;\" align=\"center\" valign=\"top\">Paco Ignatio Taibo &#8211; Che Guevara<\/td>\n<td style=\"width: 170px;\" align=\"center\" valign=\"top\">Biblia &#8211; Via\u021ba lui Isus<\/td>\n<\/tr>\n<tr>\n<td style=\"width: 170px;\" colspan=\"4\" align=\"center\" valign=\"top\">\n<p style=\"text-align: left;\"><span style=\"color: #ffffff;\">.<\/span><\/p>\n<p><a name=\"Manuale Documenta\u021bii\"><\/a><\/p>\n<h1 style=\"text-align: left;\">Manuale Documenta\u021bii<\/h1>\n<\/td>\n<td style=\"width: 170px; text-align: right;\" valign=\"top\">\n<p><span style=\"color: #ffffff;\">.<\/span><\/p>\n<p><a href=\"#sus\">\u00cenapoi sus<\/a><\/p>\n<\/td>\n<\/tr>\n<tr>\n<td style=\"width: 170px;\" align=\"center\" valign=\"top\"><a href=\"http:\/\/semndecarte.metarsis.ro\/wp-content\/uploads\/2010\/09\/027.jpg\" rel=\"lightbox[4145]\"><img loading=\"lazy\" class=\"alignleft size-medium wp-image-4184\" title=\"Matematica cl. a X-a\" src=\"http:\/\/semndecarte.metarsis.ro\/wp-content\/uploads\/2010\/09\/027-160x128.jpg\" alt=\"\" width=\"160\" height=\"128\" srcset=\"https:\/\/semndecarte.metarsis.ro\/wp-content\/uploads\/2010\/09\/027-160x128.jpg 160w, https:\/\/semndecarte.metarsis.ro\/wp-content\/uploads\/2010\/09\/027-163x130.jpg 163w, https:\/\/semndecarte.metarsis.ro\/wp-content\/uploads\/2010\/09\/027.jpg 450w\" sizes=\"(max-width: 160px) 100vw, 160px\" \/><\/a><\/td>\n<td style=\"width: 170px;\" align=\"center\" valign=\"top\"><a href=\"http:\/\/semndecarte.metarsis.ro\/wp-content\/uploads\/2010\/09\/58.jpg\" rel=\"lightbox[4145]\"><img loading=\"lazy\" class=\"alignleft size-medium wp-image-4220\" title=\"Fizic\u0103 - Teste gril\u0103 cu solu\u021bii pentru bacalaureat \u0219i admitere\" src=\"http:\/\/semndecarte.metarsis.ro\/wp-content\/uploads\/2010\/09\/58-160x128.jpg\" alt=\"\" width=\"160\" height=\"128\" srcset=\"https:\/\/semndecarte.metarsis.ro\/wp-content\/uploads\/2010\/09\/58-160x128.jpg 160w, https:\/\/semndecarte.metarsis.ro\/wp-content\/uploads\/2010\/09\/58-163x130.jpg 163w, https:\/\/semndecarte.metarsis.ro\/wp-content\/uploads\/2010\/09\/58.jpg 450w\" sizes=\"(max-width: 160px) 100vw, 160px\" \/><\/a><\/td>\n<td style=\"width: 170px;\" align=\"center\" valign=\"top\"><a href=\"http:\/\/semndecarte.metarsis.ro\/wp-content\/uploads\/2010\/09\/59.jpg\" rel=\"lightbox[4145]\"><img loading=\"lazy\" class=\"alignleft size-medium wp-image-4221\" title=\"Mariana Marinescu - Didactica biologiei, teorie \u0219i aplica\u021bii\" src=\"http:\/\/semndecarte.metarsis.ro\/wp-content\/uploads\/2010\/09\/59-160x128.jpg\" alt=\"\" width=\"160\" height=\"128\" srcset=\"https:\/\/semndecarte.metarsis.ro\/wp-content\/uploads\/2010\/09\/59-160x128.jpg 160w, https:\/\/semndecarte.metarsis.ro\/wp-content\/uploads\/2010\/09\/59-163x130.jpg 163w, https:\/\/semndecarte.metarsis.ro\/wp-content\/uploads\/2010\/09\/59.jpg 450w\" sizes=\"(max-width: 160px) 100vw, 160px\" \/><\/a><\/td>\n<td style=\"width: 170px;\" align=\"center\" valign=\"top\"><a href=\"http:\/\/semndecarte.metarsis.ro\/wp-content\/uploads\/2010\/09\/60.jpg\" rel=\"lightbox[4145]\"><img loading=\"lazy\" class=\"alignleft size-medium wp-image-4222\" title=\"Algebr\u0103 liniar\u0103, geometrie analitic\u0103 \u0219i diferen\u021bial\u0103, ecua\u021bii diferen\u021biale\" src=\"http:\/\/semndecarte.metarsis.ro\/wp-content\/uploads\/2010\/09\/60-160x128.jpg\" alt=\"\" width=\"160\" height=\"128\" srcset=\"https:\/\/semndecarte.metarsis.ro\/wp-content\/uploads\/2010\/09\/60-160x128.jpg 160w, https:\/\/semndecarte.metarsis.ro\/wp-content\/uploads\/2010\/09\/60-163x130.jpg 163w, https:\/\/semndecarte.metarsis.ro\/wp-content\/uploads\/2010\/09\/60.jpg 450w\" sizes=\"(max-width: 160px) 100vw, 160px\" \/><\/a><\/td>\n<td style=\"width: 170px;\" align=\"center\" valign=\"top\"><a href=\"http:\/\/semndecarte.metarsis.ro\/wp-content\/uploads\/2010\/09\/61.jpg\" rel=\"lightbox[4145]\"><img loading=\"lazy\" class=\"alignleft size-medium wp-image-4223\" title=\"Culegere de exerci\u021bii de limba francez\u0103 (anul I-III de studiu) \" src=\"http:\/\/semndecarte.metarsis.ro\/wp-content\/uploads\/2010\/09\/61-160x128.jpg\" alt=\"\" width=\"160\" height=\"128\" srcset=\"https:\/\/semndecarte.metarsis.ro\/wp-content\/uploads\/2010\/09\/61-160x128.jpg 160w, https:\/\/semndecarte.metarsis.ro\/wp-content\/uploads\/2010\/09\/61-163x130.jpg 163w, https:\/\/semndecarte.metarsis.ro\/wp-content\/uploads\/2010\/09\/61.jpg 450w\" sizes=\"(max-width: 160px) 100vw, 160px\" \/><\/a><\/td>\n<\/tr>\n<tr>\n<td style=\"width: 170px;\" align=\"center\" valign=\"top\">Matematica cl. a X-a &#8211; Manual Ministerul Educa\u021biei<\/td>\n<td style=\"width: 170px;\" align=\"center\" valign=\"top\">Fizic\u0103 &#8211; Teste gril\u0103 cu solu\u021bii pentru bacalaureat \u0219i admitere<\/td>\n<td style=\"width: 170px;\" align=\"center\" valign=\"top\">Mariana Marinescu &#8211; Didactica biologiei, teorie \u0219i aplica\u021bii<\/td>\n<td style=\"width: 170px;\" align=\"center\" valign=\"top\">Algebr\u0103 liniar\u0103, geometrie analitic\u0103 \u0219i diferen\u021bial\u0103, ecua\u021bii diferen\u021biale<\/td>\n<td style=\"width: 170px;\" align=\"center\" valign=\"top\">Culegere de exerci\u021bii de limba francez\u0103 (anul I-III de studiu)<\/td>\n<\/tr>\n<tr>\n<td style=\"width: 170px;\" colspan=\"4\" align=\"center\" valign=\"top\">\n<p style=\"text-align: left;\"><span style=\"color: #ffffff;\">.<\/span><\/p>\n<p><a name=\"Poezie\"><\/a><\/p>\n<h1 style=\"text-align: left;\">Poezie<\/h1>\n<\/td>\n<td style=\"width: 170px; text-align: right;\" valign=\"top\">\n<p><span style=\"color: #ffffff;\">.<\/span><\/p>\n<p><a href=\"#sus\">\u00cenapoi sus<\/a><\/p>\n<\/td>\n<\/tr>\n<tr>\n<td style=\"width: 170px;\" align=\"center\" valign=\"top\"><a href=\"http:\/\/semndecarte.metarsis.ro\/wp-content\/uploads\/2010\/09\/029.jpg\" rel=\"lightbox[4145]\"><img loading=\"lazy\" class=\"alignleft size-medium wp-image-4189\" title=\"Poezie - Din lirica lui Tagore\" src=\"http:\/\/semndecarte.metarsis.ro\/wp-content\/uploads\/2010\/09\/029-160x128.jpg\" alt=\"\" width=\"160\" height=\"128\" srcset=\"https:\/\/semndecarte.metarsis.ro\/wp-content\/uploads\/2010\/09\/029-160x128.jpg 160w, https:\/\/semndecarte.metarsis.ro\/wp-content\/uploads\/2010\/09\/029-163x130.jpg 163w, https:\/\/semndecarte.metarsis.ro\/wp-content\/uploads\/2010\/09\/029.jpg 450w\" sizes=\"(max-width: 160px) 100vw, 160px\" \/><\/a><\/td>\n<td style=\"width: 170px;\" align=\"center\" valign=\"top\"><a href=\"http:\/\/semndecarte.metarsis.ro\/wp-content\/uploads\/2010\/09\/62.jpg\" rel=\"lightbox[4145]\"><img loading=\"lazy\" class=\"alignleft size-medium wp-image-4224\" title=\"Nicolae Balot\u0103 - Opera lui Arghezi\" src=\"http:\/\/semndecarte.metarsis.ro\/wp-content\/uploads\/2010\/09\/62-160x128.jpg\" alt=\"\" width=\"160\" height=\"128\" srcset=\"https:\/\/semndecarte.metarsis.ro\/wp-content\/uploads\/2010\/09\/62-160x128.jpg 160w, https:\/\/semndecarte.metarsis.ro\/wp-content\/uploads\/2010\/09\/62-163x130.jpg 163w, https:\/\/semndecarte.metarsis.ro\/wp-content\/uploads\/2010\/09\/62.jpg 450w\" sizes=\"(max-width: 160px) 100vw, 160px\" \/><\/a><\/td>\n<td style=\"width: 170px;\" align=\"center\" valign=\"top\"><a href=\"http:\/\/semndecarte.metarsis.ro\/wp-content\/uploads\/2010\/09\/63.jpg\" rel=\"lightbox[4145]\"><img loading=\"lazy\" class=\"alignleft size-medium wp-image-4225\" title=\"Baudelaire - Florile r\u0103ului\" src=\"http:\/\/semndecarte.metarsis.ro\/wp-content\/uploads\/2010\/09\/63-160x128.jpg\" alt=\"\" width=\"160\" height=\"128\" srcset=\"https:\/\/semndecarte.metarsis.ro\/wp-content\/uploads\/2010\/09\/63-160x128.jpg 160w, https:\/\/semndecarte.metarsis.ro\/wp-content\/uploads\/2010\/09\/63-163x130.jpg 163w, https:\/\/semndecarte.metarsis.ro\/wp-content\/uploads\/2010\/09\/63.jpg 450w\" sizes=\"(max-width: 160px) 100vw, 160px\" \/><\/a><\/td>\n<td style=\"width: 170px;\" align=\"center\" valign=\"top\"><a href=\"http:\/\/semndecarte.metarsis.ro\/wp-content\/uploads\/2010\/09\/64.jpg\" rel=\"lightbox[4145]\"><img loading=\"lazy\" class=\"alignleft size-medium wp-image-4226\" title=\"Ioan Alexandru - Amintirea poetului\" src=\"http:\/\/semndecarte.metarsis.ro\/wp-content\/uploads\/2010\/09\/64-160x128.jpg\" alt=\"\" width=\"160\" height=\"128\" srcset=\"https:\/\/semndecarte.metarsis.ro\/wp-content\/uploads\/2010\/09\/64-160x128.jpg 160w, https:\/\/semndecarte.metarsis.ro\/wp-content\/uploads\/2010\/09\/64-163x130.jpg 163w, https:\/\/semndecarte.metarsis.ro\/wp-content\/uploads\/2010\/09\/64.jpg 450w\" sizes=\"(max-width: 160px) 100vw, 160px\" \/><\/a><\/td>\n<td style=\"width: 170px;\" align=\"center\" valign=\"top\"><a href=\"http:\/\/semndecarte.metarsis.ro\/wp-content\/uploads\/2010\/09\/65.jpg\" rel=\"lightbox[4145]\"><img loading=\"lazy\" class=\"alignleft size-medium wp-image-4227\" title=\"Nicolae S\u00e2rbu - Ferestre pentru labirint\" src=\"http:\/\/semndecarte.metarsis.ro\/wp-content\/uploads\/2010\/09\/65-160x128.jpg\" alt=\"\" width=\"160\" height=\"128\" srcset=\"https:\/\/semndecarte.metarsis.ro\/wp-content\/uploads\/2010\/09\/65-160x128.jpg 160w, https:\/\/semndecarte.metarsis.ro\/wp-content\/uploads\/2010\/09\/65-163x130.jpg 163w, https:\/\/semndecarte.metarsis.ro\/wp-content\/uploads\/2010\/09\/65.jpg 450w\" sizes=\"(max-width: 160px) 100vw, 160px\" \/><\/a><\/td>\n<\/tr>\n<tr>\n<td style=\"width: 170px;\" align=\"center\" valign=\"top\">Poezie &#8211; Din lirica lui Tagore<\/td>\n<td style=\"width: 170px;\" align=\"center\" valign=\"top\">Nicolae Balot\u0103 &#8211; Opera lui Arghezi<\/td>\n<td style=\"width: 170px;\" align=\"center\" valign=\"top\">Baudelaire &#8211; Florile r\u0103ului<\/td>\n<td style=\"width: 170px;\" align=\"center\" valign=\"top\">Ioan Alexandru &#8211; Amintirea poetului<\/td>\n<td style=\"width: 170px;\" align=\"center\" valign=\"top\">Nicolae S\u00e2rbu &#8211; Ferestre pentru labirint<\/td>\n<\/tr>\n<tr>\n<td style=\"width: 170px;\" colspan=\"4\" align=\"center\" valign=\"top\">\n<p style=\"text-align: left;\"><span style=\"color: #ffffff;\">.<\/span><\/p>\n<p><a name=\"Psihologie Sociologie Filozofie\"><\/a><\/p>\n<h1 style=\"text-align: left;\">Psihologie Sociologie Filozofie<\/h1>\n<\/td>\n<td style=\"width: 170px; text-align: right;\" valign=\"top\">\n<p><span style=\"color: #ffffff;\">.<\/span><\/p>\n<p><a href=\"#sus\">\u00cenapoi sus<\/a><\/p>\n<\/td>\n<\/tr>\n<tr>\n<td style=\"width: 170px;\" align=\"center\" valign=\"top\"><a href=\"http:\/\/semndecarte.metarsis.ro\/wp-content\/uploads\/2010\/09\/028.jpg\" rel=\"lightbox[4145]\"><img loading=\"lazy\" class=\"alignleft size-medium wp-image-4186\" title=\"Petre \u021au\u021bea - Mircea Eliade\" src=\"http:\/\/semndecarte.metarsis.ro\/wp-content\/uploads\/2010\/09\/028-160x128.jpg\" alt=\"\" width=\"160\" height=\"128\" srcset=\"https:\/\/semndecarte.metarsis.ro\/wp-content\/uploads\/2010\/09\/028-160x128.jpg 160w, https:\/\/semndecarte.metarsis.ro\/wp-content\/uploads\/2010\/09\/028-163x130.jpg 163w, https:\/\/semndecarte.metarsis.ro\/wp-content\/uploads\/2010\/09\/028.jpg 450w\" sizes=\"(max-width: 160px) 100vw, 160px\" \/><\/a><\/td>\n<td style=\"width: 170px;\" align=\"center\" valign=\"top\"><a href=\"http:\/\/semndecarte.metarsis.ro\/wp-content\/uploads\/2010\/09\/66.jpg\" rel=\"lightbox[4145]\"><img loading=\"lazy\" class=\"alignleft size-medium wp-image-4228\" title=\"Husserl - Filozofia ca \u0219tiin\u021b\u0103 riguroas\u0103\" src=\"http:\/\/semndecarte.metarsis.ro\/wp-content\/uploads\/2010\/09\/66-160x128.jpg\" alt=\"\" width=\"160\" height=\"128\" srcset=\"https:\/\/semndecarte.metarsis.ro\/wp-content\/uploads\/2010\/09\/66-160x128.jpg 160w, https:\/\/semndecarte.metarsis.ro\/wp-content\/uploads\/2010\/09\/66-163x130.jpg 163w, https:\/\/semndecarte.metarsis.ro\/wp-content\/uploads\/2010\/09\/66.jpg 450w\" sizes=\"(max-width: 160px) 100vw, 160px\" \/><\/a><\/td>\n<td style=\"width: 170px;\" align=\"center\" valign=\"top\"><a href=\"http:\/\/semndecarte.metarsis.ro\/wp-content\/uploads\/2010\/09\/67.jpg\" rel=\"lightbox[4145]\"><img loading=\"lazy\" class=\"alignleft size-medium wp-image-4229\" title=\"Al. Paleologu - Amicus Plato sau...desp\u0103r\u021birea de Noica\" src=\"http:\/\/semndecarte.metarsis.ro\/wp-content\/uploads\/2010\/09\/67-160x128.jpg\" alt=\"\" width=\"160\" height=\"128\" srcset=\"https:\/\/semndecarte.metarsis.ro\/wp-content\/uploads\/2010\/09\/67-160x128.jpg 160w, https:\/\/semndecarte.metarsis.ro\/wp-content\/uploads\/2010\/09\/67-163x130.jpg 163w, https:\/\/semndecarte.metarsis.ro\/wp-content\/uploads\/2010\/09\/67.jpg 450w\" sizes=\"(max-width: 160px) 100vw, 160px\" \/><\/a><\/td>\n<td style=\"width: 170px;\" align=\"center\" valign=\"top\"><a href=\"http:\/\/semndecarte.metarsis.ro\/wp-content\/uploads\/2010\/09\/68.jpg\" rel=\"lightbox[4145]\"><img loading=\"lazy\" class=\"alignleft size-medium wp-image-4230\" title=\"Alexander Baumgartner - Bun\u0103 diminea\u021ba, filozofie!\" src=\"http:\/\/semndecarte.metarsis.ro\/wp-content\/uploads\/2010\/09\/68-160x128.jpg\" alt=\"\" width=\"160\" height=\"128\" srcset=\"https:\/\/semndecarte.metarsis.ro\/wp-content\/uploads\/2010\/09\/68-160x128.jpg 160w, https:\/\/semndecarte.metarsis.ro\/wp-content\/uploads\/2010\/09\/68-163x130.jpg 163w, https:\/\/semndecarte.metarsis.ro\/wp-content\/uploads\/2010\/09\/68.jpg 450w\" sizes=\"(max-width: 160px) 100vw, 160px\" \/><\/a><\/td>\n<td style=\"width: 170px;\" align=\"center\" valign=\"top\"><a href=\"http:\/\/semndecarte.metarsis.ro\/wp-content\/uploads\/2010\/09\/69.jpg\" rel=\"lightbox[4145]\"><img loading=\"lazy\" class=\"alignleft size-medium wp-image-4231\" title=\"Hegel - Spiritul cre\u0219tinismului \u0219i destinul s\u0103u\" src=\"http:\/\/semndecarte.metarsis.ro\/wp-content\/uploads\/2010\/09\/69-160x128.jpg\" alt=\"\" width=\"160\" height=\"128\" srcset=\"https:\/\/semndecarte.metarsis.ro\/wp-content\/uploads\/2010\/09\/69-160x128.jpg 160w, https:\/\/semndecarte.metarsis.ro\/wp-content\/uploads\/2010\/09\/69-163x130.jpg 163w, https:\/\/semndecarte.metarsis.ro\/wp-content\/uploads\/2010\/09\/69.jpg 450w\" sizes=\"(max-width: 160px) 100vw, 160px\" \/><\/a><\/td>\n<\/tr>\n<tr>\n<td style=\"width: 170px;\" align=\"center\" valign=\"top\">Petre \u021au\u021bea despre\u00a0 Mircea Eliade<\/td>\n<td style=\"width: 170px;\" align=\"center\" valign=\"top\">Husserl &#8211; Filozofia ca \u0219tiin\u021b\u0103 riguroas\u0103<\/td>\n<td style=\"width: 170px;\" align=\"center\" valign=\"top\">Al. Paleologu &#8211; Amicus Plato sau&#8230;desp\u0103r\u021birea de Noica<\/td>\n<td style=\"width: 170px;\" align=\"center\" valign=\"top\">Alexander Baumgartner &#8211; Bun\u0103 diminea\u021ba, filozofie!<\/td>\n<td style=\"width: 170px;\" align=\"center\" valign=\"top\">Hegel &#8211; Spiritul cre\u0219tinismului \u0219i destinul s\u0103u<\/td>\n<\/tr>\n<tr>\n<td style=\"width: 170px;\" colspan=\"4\" align=\"center\" valign=\"top\">\n<p style=\"text-align: left;\"><span style=\"color: #ffffff;\">.<\/span><\/p>\n<p><a name=\"Reviste\"><\/a><\/p>\n<h1 style=\"text-align: left;\">Reviste<\/h1>\n<\/td>\n<td style=\"width: 170px; text-align: right;\" valign=\"top\">\n<p><span style=\"color: #ffffff;\">.<\/span><\/p>\n<p><a href=\"#sus\">\u00cenapoi sus<\/a><\/p>\n<\/td>\n<\/tr>\n<tr>\n<td style=\"width: 170px;\" align=\"center\" valign=\"top\"><a href=\"http:\/\/semndecarte.metarsis.ro\/wp-content\/uploads\/2010\/09\/70.jpg\" rel=\"lightbox[4145]\"><img loading=\"lazy\" class=\"alignleft size-medium wp-image-4232\" title=\"Revista Semenicul\" src=\"http:\/\/semndecarte.metarsis.ro\/wp-content\/uploads\/2010\/09\/70-160x128.jpg\" alt=\"\" width=\"160\" height=\"128\" srcset=\"https:\/\/semndecarte.metarsis.ro\/wp-content\/uploads\/2010\/09\/70-160x128.jpg 160w, https:\/\/semndecarte.metarsis.ro\/wp-content\/uploads\/2010\/09\/70-163x130.jpg 163w, https:\/\/semndecarte.metarsis.ro\/wp-content\/uploads\/2010\/09\/70.jpg 450w\" sizes=\"(max-width: 160px) 100vw, 160px\" \/><\/a><\/td>\n<td style=\"width: 170px;\" align=\"center\" valign=\"top\"><a href=\"http:\/\/semndecarte.metarsis.ro\/wp-content\/uploads\/2010\/09\/71.jpg\" rel=\"lightbox[4145]\"><img loading=\"lazy\" class=\"alignleft size-medium wp-image-4233\" title=\"Revista reflex - art\u0103, cultur\u0103, civiliza\u021bie\" src=\"http:\/\/semndecarte.metarsis.ro\/wp-content\/uploads\/2010\/09\/71-160x128.jpg\" alt=\"\" width=\"160\" height=\"128\" srcset=\"https:\/\/semndecarte.metarsis.ro\/wp-content\/uploads\/2010\/09\/71-160x128.jpg 160w, https:\/\/semndecarte.metarsis.ro\/wp-content\/uploads\/2010\/09\/71-163x130.jpg 163w, https:\/\/semndecarte.metarsis.ro\/wp-content\/uploads\/2010\/09\/71.jpg 450w\" sizes=\"(max-width: 160px) 100vw, 160px\" \/><\/a><\/td>\n<td style=\"width: 170px;\" align=\"center\" valign=\"top\"><\/td>\n<td style=\"width: 170px;\" align=\"center\" valign=\"top\"><\/td>\n<td style=\"width: 170px;\" align=\"center\" valign=\"top\"><\/td>\n<\/tr>\n<tr>\n<td style=\"width: 170px;\" align=\"center\" valign=\"top\">Revista Semenicul<\/td>\n<td style=\"width: 170px;\" align=\"center\" valign=\"top\">Revista reflex &#8211; art\u0103, cultur\u0103, civiliza\u021bie<\/td>\n<td style=\"width: 170px;\" align=\"center\" valign=\"top\"><\/td>\n<td style=\"width: 170px;\" align=\"center\" valign=\"top\"><\/td>\n<td style=\"width: 170px;\" align=\"center\" valign=\"top\"><\/td>\n<\/tr>\n<tr>\n<td style=\"width: 170px;\" colspan=\"4\" align=\"center\" valign=\"top\">\n<p style=\"text-align: left;\"><span style=\"color: #ffffff;\">.<\/span><\/p>\n<p><a name=\"S\u0103n\u0103tate Nutri\u021bie Sport\"><\/a><\/p>\n<h1 style=\"text-align: left;\">S\u0103n\u0103tate Nutri\u021bie Sport<\/h1>\n<\/td>\n<td style=\"width: 170px; text-align: right;\" valign=\"top\">\n<p><span style=\"color: #ffffff;\">.<\/span><\/p>\n<p><a href=\"#sus\">\u00cenapoi sus<\/a><\/p>\n<\/td>\n<\/tr>\n<tr>\n<td style=\"width: 170px;\" align=\"center\" valign=\"top\"><a href=\"http:\/\/semndecarte.metarsis.ro\/wp-content\/uploads\/2010\/09\/023.jpg\" rel=\"lightbox[4145]\"><img loading=\"lazy\" class=\"alignleft size-medium wp-image-4187\" title=\"Ghidul terapiilor complementare\" src=\"http:\/\/semndecarte.metarsis.ro\/wp-content\/uploads\/2010\/09\/023-160x128.jpg\" alt=\"\" width=\"160\" height=\"128\" srcset=\"https:\/\/semndecarte.metarsis.ro\/wp-content\/uploads\/2010\/09\/023-160x128.jpg 160w, https:\/\/semndecarte.metarsis.ro\/wp-content\/uploads\/2010\/09\/023-163x130.jpg 163w, https:\/\/semndecarte.metarsis.ro\/wp-content\/uploads\/2010\/09\/023.jpg 450w\" sizes=\"(max-width: 160px) 100vw, 160px\" \/><\/a><\/td>\n<td style=\"width: 170px;\" align=\"center\" valign=\"top\"><a href=\"http:\/\/semndecarte.metarsis.ro\/wp-content\/uploads\/2010\/09\/72.jpg\" rel=\"lightbox[4145]\"><img loading=\"lazy\" class=\"alignleft size-medium wp-image-4234\" title=\"Carmen Brum\u0103 - Slim\" src=\"http:\/\/semndecarte.metarsis.ro\/wp-content\/uploads\/2010\/09\/72-160x128.jpg\" alt=\"\" width=\"160\" height=\"128\" srcset=\"https:\/\/semndecarte.metarsis.ro\/wp-content\/uploads\/2010\/09\/72-160x128.jpg 160w, https:\/\/semndecarte.metarsis.ro\/wp-content\/uploads\/2010\/09\/72-163x130.jpg 163w, https:\/\/semndecarte.metarsis.ro\/wp-content\/uploads\/2010\/09\/72.jpg 450w\" sizes=\"(max-width: 160px) 100vw, 160px\" \/><\/a><\/td>\n<td style=\"width: 170px;\" align=\"center\" valign=\"top\"><a href=\"http:\/\/semndecarte.metarsis.ro\/wp-content\/uploads\/2010\/09\/73.jpg\" rel=\"lightbox[4145]\"><img loading=\"lazy\" class=\"alignleft size-medium wp-image-4235\" title=\"Inesa \u021aiporkina - Un aspect fizic de invidiat\" src=\"http:\/\/semndecarte.metarsis.ro\/wp-content\/uploads\/2010\/09\/73-160x128.jpg\" alt=\"\" width=\"160\" height=\"128\" srcset=\"https:\/\/semndecarte.metarsis.ro\/wp-content\/uploads\/2010\/09\/73-160x128.jpg 160w, https:\/\/semndecarte.metarsis.ro\/wp-content\/uploads\/2010\/09\/73-163x130.jpg 163w, https:\/\/semndecarte.metarsis.ro\/wp-content\/uploads\/2010\/09\/73.jpg 450w\" sizes=\"(max-width: 160px) 100vw, 160px\" \/><\/a><\/td>\n<td style=\"width: 170px;\" align=\"center\" valign=\"top\"><a href=\"http:\/\/semndecarte.metarsis.ro\/wp-content\/uploads\/2010\/09\/74.jpg\" rel=\"lightbox[4145]\"><img loading=\"lazy\" class=\"alignleft size-medium wp-image-4236\" title=\"B.Fletcher \/ K.Pine \/ D.Penman - Diet\u0103 f\u0103r\u0103 regim\" src=\"http:\/\/semndecarte.metarsis.ro\/wp-content\/uploads\/2010\/09\/74-160x128.jpg\" alt=\"\" width=\"160\" height=\"128\" srcset=\"https:\/\/semndecarte.metarsis.ro\/wp-content\/uploads\/2010\/09\/74-160x128.jpg 160w, https:\/\/semndecarte.metarsis.ro\/wp-content\/uploads\/2010\/09\/74-163x130.jpg 163w, https:\/\/semndecarte.metarsis.ro\/wp-content\/uploads\/2010\/09\/74.jpg 450w\" sizes=\"(max-width: 160px) 100vw, 160px\" \/><\/a><\/td>\n<td style=\"width: 170px;\" align=\"center\" valign=\"top\"><a href=\"http:\/\/semndecarte.metarsis.ro\/wp-content\/uploads\/2010\/09\/75.jpg\" rel=\"lightbox[4145]\"><img loading=\"lazy\" class=\"alignleft size-medium wp-image-4237\" title=\"Michael Van Straten - Ghidul s\u0103n\u0103t\u0103\u021bii tale\" src=\"http:\/\/semndecarte.metarsis.ro\/wp-content\/uploads\/2010\/09\/75-160x128.jpg\" alt=\"\" width=\"160\" height=\"128\" srcset=\"https:\/\/semndecarte.metarsis.ro\/wp-content\/uploads\/2010\/09\/75-160x128.jpg 160w, https:\/\/semndecarte.metarsis.ro\/wp-content\/uploads\/2010\/09\/75-163x130.jpg 163w, https:\/\/semndecarte.metarsis.ro\/wp-content\/uploads\/2010\/09\/75.jpg 450w\" sizes=\"(max-width: 160px) 100vw, 160px\" \/><\/a><\/td>\n<\/tr>\n<tr>\n<td style=\"width: 170px;\" align=\"center\" valign=\"top\">C. Norman Shealy &#8211; Ghidul terapiilor complementare<\/td>\n<td style=\"width: 170px;\" align=\"center\" valign=\"top\">Carmen Brum\u0103 &#8211; Slim<\/td>\n<td style=\"width: 170px;\" align=\"center\" valign=\"top\">Inesa \u021aiporkina &#8211; Un aspect fizic de invidiat<\/td>\n<td style=\"width: 170px;\" align=\"center\" valign=\"top\">B.Fletcher \/ K.Pine \/ D.Penman &#8211; Diet\u0103 f\u0103r\u0103 regim<\/td>\n<td style=\"width: 170px;\" align=\"center\" valign=\"top\">Michael Van Straten &#8211; Ghidul s\u0103n\u0103t\u0103\u021bii tale<\/td>\n<\/tr>\n<tr>\n<td>\n<p><span style=\"color: #ffffff;\">.<\/span><\/p>\n<p><span style=\"color: #ffffff;\">.<br \/>\n <\/span><\/p>\n<\/td>\n<td><\/td>\n<td><\/td>\n<td><\/td>\n<td><\/td>\n<\/tr>\n<tr style=\"text-align: left;\">\n<td>\n<h2>Titluri recente.<\/h2>\n<p style=\"text-align: justify;\">Aceast\u0103 sec\u021biune vine \u00een \u00eent\u00e2mpinarea ta cu o selec\u021bie din titlurile recente aduse \u00een libr\u0103ria Semn de carte<span style=\"color: #ff0000;\">*<\/span>. Aceast\u0103 sec\u021biune nu este un magazin virtual (\u00eenc\u0103). Rolul ei este de informare.<\/p>\n<\/td>\n<td style=\"padding-left: 30px;\">\n<p><span style=\"color: #ff0000;\">\u00bb<\/span> <a href=\"#Art\u0103 Arhitectur\u0103 Design\">Art\u0103 Arhitectur\u0103  Design <\/a><br \/>\n <span style=\"color: #ff0000;\">\u00bb<\/span> <a href=\"#Atlasuri H\u0103r\u021bi Ghiduri de c\u0103l\u0103torie\">Atlasuri H\u0103r\u021bi Ghiduri de c\u0103l\u0103torie<\/a><span style=\"color: #ff0000;\"> <\/span><\/p>\n<p><span style=\"color: #ff0000;\">\u00bb<\/span> <a href=\"#Beletristic\u0103\">Beletristic\u0103<\/a><span style=\"color: #ff0000;\"> <\/span><\/p>\n<p><span style=\"color: #ff0000;\">\u00bb<\/span> <a href=\"#Carier\u0103\">Carier\u0103<\/a><\/p>\n<\/td>\n<td style=\"padding-left: 30px;\">\n<p><span style=\"color: #ff0000;\">\u00bb<\/span> <a href=\"#Carte \u00een limbi str\u0103ine\">Carte \u00een limbi str\u0103ine<\/a><\/p>\n<p><span style=\"color: #ff0000;\">\u00bb<\/span> <a href=\"#Carte pentru copii\">Carte pentru copii<\/a><\/p>\n<p><span style=\"color: #ff0000;\">\u00bb<\/span> <a href=\"#CD DVD\">CD DVD<\/a><\/p>\n<p><span style=\"color: #ff0000;\">\u00bb<\/span> <a href=\"#Dic\u021bionare Enciclopedii Ghiduri de conversa\u021bie\">Dic\u021bionare Enciclopedii Ghiduri de conversa\u021bie<\/a><\/p>\n<\/td>\n<td>\n<p style=\"padding-left: 30px;\"><span style=\"color: #ff0000;\">\u00bb<\/span> <a href=\"#Gastronomie\">Gastronomie<\/a><\/p>\n<p style=\"padding-left: 30px;\"><span style=\"color: #ff0000;\">\u00bb<\/span> <a href=\"#Istorie Religie\">Istorie Religie<\/a><\/p>\n<p style=\"padding-left: 30px;\"><span style=\"color: #ff0000;\">\u00bb<\/span> <a href=\"#Manuale Documenta\u021bii\">Manuale Documenta\u021bii<\/a><\/p>\n<p style=\"padding-left: 30px;\"><span style=\"color: #ff0000;\">\u00bb<\/span> <a href=\"#Poezie\">Poezie<\/a><\/p>\n<\/td>\n<td>\n<p style=\"padding-left: 30px;\"><span style=\"color: #ff0000;\"> <\/span><\/p>\n<p style=\"padding-left: 30px;\"><span style=\"color: #ff0000;\">\u00bb<\/span> <a href=\"#Psihologie Sociologie Filozofie\">Psihologie Sociologie  Filozofie<\/a><\/p>\n<p style=\"padding-left: 30px;\"><span style=\"color: #ff0000;\">\u00bb<\/span> <a href=\"#Reviste\">Reviste<\/a><\/p>\n<p style=\"padding-left: 30px;\"><span style=\"color: #ff0000;\">\u00bb<\/span> <a href=\"#S\u0103n\u0103tate Nutri\u021bie Sport\">S\u0103n\u0103tate Nutri\u021bie Sport<\/a><\/p>\n<\/td>\n<\/tr>\n<\/tbody>\n<\/table>\n<p><span style=\"color: #ffffff;\">.<\/span><\/p>\n","protected":false},"excerpt":{"rendered":"<p>Titluri recente. Aceast\u0103 sec\u021biune vine \u00een \u00eent\u00e2mpinarea ta cu o selec\u021bie din titlurile recente aduse \u00een libr\u0103ria Semn de carte*. Aceast\u0103 sec\u021biune nu este un magazin virtual (\u00eenc\u0103). Rolul ei este de informare. \u00bb Art\u0103 Arhitectur\u0103\u00a0 Design \u00bb Atlase H\u0103r\u021bi Ghiduri de c\u0103l\u0103torie \u00bb Beletristic\u0103 \u00bb Carier\u0103 \u00bb Carte \u00een limbi str\u0103ine \u00bb Carte pentru [&hellip;]<\/p>\n","protected":false},"author":1,"featured_media":0,"parent":0,"menu_order":2,"comment_status":"closed","ping_status":"closed","template":"template-fullwidth.php","meta":[],"_links":{"self":[{"href":"https:\/\/semndecarte.metarsis.ro\/index.php?rest_route=\/wp\/v2\/pages\/4145"}],"collection":[{"href":"https:\/\/semndecarte.metarsis.ro\/index.php?rest_route=\/wp\/v2\/pages"}],"about":[{"href":"https:\/\/semndecarte.metarsis.ro\/index.php?rest_route=\/wp\/v2\/types\/page"}],"author":[{"embeddable":true,"href":"https:\/\/semndecarte.metarsis.ro\/index.php?rest_route=\/wp\/v2\/users\/1"}],"replies":[{"embeddable":true,"href":"https:\/\/semndecarte.metarsis.ro\/index.php?rest_route=%2Fwp%2Fv2%2Fcomments&post=4145"}],"version-history":[{"count":0,"href":"https:\/\/semndecarte.metarsis.ro\/index.php?rest_route=\/wp\/v2\/pages\/4145\/revisions"}],"wp:attachment":[{"href":"https:\/\/semndecarte.metarsis.ro\/index.php?rest_route=%2Fwp%2Fv2%2Fmedia&parent=4145"}],"curies":[{"name":"wp","href":"https:\/\/api.w.org\/{rel}","templated":true}]}}